{"id":655,"date":"2025-03-27T10:04:13","date_gmt":"2025-03-27T09:04:13","guid":{"rendered":"https:\/\/www.muzeum.klodzko.pl\/n\/?page_id=655"},"modified":"2025-08-19T15:20:56","modified_gmt":"2025-08-19T13:20:56","slug":"nasze-publikacje-2","status":"publish","type":"page","link":"https:\/\/www.muzeum.klodzko.pl\/n\/nasze-publikacje-2\/","title":{"rendered":"Nasze Publikacje"},"content":{"rendered":"\n<p><strong>Nasze publikacje<\/strong><\/p>\n\n\n\n<figure class=\"wp-block-image size-large\"><img loading=\"lazy\" decoding=\"async\" width=\"1024\" height=\"98\" src=\"https:\/\/www.muzeum.klodzko.pl\/n\/wp-content\/uploads\/2025\/04\/Zeszyty.-wb-1024x98.jpg\" alt=\"\" class=\"wp-image-883\" srcset=\"https:\/\/www.muzeum.klodzko.pl\/n\/wp-content\/uploads\/2025\/04\/Zeszyty.-wb-1024x98.jpg 1024w, https:\/\/www.muzeum.klodzko.pl\/n\/wp-content\/uploads\/2025\/04\/Zeszyty.-wb-300x29.jpg 300w, https:\/\/www.muzeum.klodzko.pl\/n\/wp-content\/uploads\/2025\/04\/Zeszyty.-wb-768x73.jpg 768w, https:\/\/www.muzeum.klodzko.pl\/n\/wp-content\/uploads\/2025\/04\/Zeszyty.-wb.jpg 1299w\" sizes=\"auto, (max-width: 1024px) 100vw, 1024px\" \/><\/figure>\n\n\n\n<p><\/p>\n\n\n\n<p class=\"has-text-align-left\">\u25cf   <a href=\"https:\/\/www.muzeum.klodzko.pl\/n\/nasze-publikacje-2\/zeszyty-muzeum-ziemi-klodzkiej\/\" target=\"_blank\" rel=\"noreferrer noopener\"><strong>Zeszyty Muzeum Ziemi K\u0142odzkiej<\/strong><\/a> <br>Periodyk popularno-naukowego Muzeum, kt\u00f3ry zgodnie z ustalonym przed laty programem, zawiera materia\u0142y zajmuj\u0105ce si\u0119 szeroko poj\u0119t\u0105 problematyk\u0105 regionu k\u0142odzkiego: jego dziejami, rozwojem kulturalnym, zagadnieniami spo\u0142eczno-gospodarczymi, jak r\u00f3wnie\u017c prezentuje zbiory i dokonania k\u0142odzkiego muzeum.<\/p>\n\n\n\n<figure class=\"wp-block-image size-large\"><img loading=\"lazy\" decoding=\"async\" width=\"1024\" height=\"95\" src=\"https:\/\/www.muzeum.klodzko.pl\/n\/wp-content\/uploads\/2025\/04\/Kartki-pocztowe-1024x95.jpg\" alt=\"\" class=\"wp-image-887\" srcset=\"https:\/\/www.muzeum.klodzko.pl\/n\/wp-content\/uploads\/2025\/04\/Kartki-pocztowe-1024x95.jpg 1024w, https:\/\/www.muzeum.klodzko.pl\/n\/wp-content\/uploads\/2025\/04\/Kartki-pocztowe-300x28.jpg 300w, https:\/\/www.muzeum.klodzko.pl\/n\/wp-content\/uploads\/2025\/04\/Kartki-pocztowe-768x71.jpg 768w, https:\/\/www.muzeum.klodzko.pl\/n\/wp-content\/uploads\/2025\/04\/Kartki-pocztowe.jpg 1299w\" sizes=\"auto, (max-width: 1024px) 100vw, 1024px\" \/><\/figure>\n\n\n\n<p><br>\u25cf   <a href=\"https:\/\/www.muzeum.klodzko.pl\/n\/atrakcje-turystyczne-ziemi-klodzkiej-na-dawnej-karcie-pocztowej\/\" target=\"_blank\" rel=\"noreferrer noopener\">Atrakcje Turystyczne Ziemi K\u0142odzkiej na dawnej karcie pocztowej ze zbior\u00f3w Muzeum Ziemi K\u0142odzkiej. Touristische attraktionen des Glatzer Landes auf alten postkarten aus den Sammlungen des Museums des Glatzer Landes. <\/a><\/p>\n\n\n\n<p>\u25cf   <a href=\"https:\/\/www.muzeum.klodzko.pl\/n\/nasze-publikacje-2\/klodzko-na-dawnej-karcie-pocztowej\/\" target=\"_blank\" rel=\"noreferrer noopener\">K\u0142odzko na dawnej karcie pocztowej ze zbior\u00f3w Muzeum Ziemi K\u0142odzkiej=Glatz in alten Postkarten aus den best\u00e4nden des Museums des Glatzer Landes.<\/a><\/p>\n\n\n\n<p>\u25cf   <a href=\"https:\/\/www.muzeum.klodzko.pl\/n\/zdroje-ziemi-klodzkiej-na-dawnej-karcie-pocztowej\/\" target=\"_blank\" rel=\"noreferrer noopener\">Zdroje Ziemi K\u0142odzkiej na dawnej karcie pocztowej ze zbior\u00f3w Muzeum Ziemi K\u0142odzkiej. Kurorte des glatzer landes auf alten postkarten aus den Sammlungen des Museums des Glatzer Landes.<\/a><\/p>\n\n\n\n<p><\/p>\n\n\n\n<figure class=\"wp-block-image size-large\"><img loading=\"lazy\" decoding=\"async\" width=\"1024\" height=\"75\" src=\"https:\/\/www.muzeum.klodzko.pl\/n\/wp-content\/uploads\/2025\/04\/DSC60fwafskiegt97-1024x75.jpg\" alt=\"\" class=\"wp-image-976\" srcset=\"https:\/\/www.muzeum.klodzko.pl\/n\/wp-content\/uploads\/2025\/04\/DSC60fwafskiegt97-1024x75.jpg 1024w, https:\/\/www.muzeum.klodzko.pl\/n\/wp-content\/uploads\/2025\/04\/DSC60fwafskiegt97-300x22.jpg 300w, https:\/\/www.muzeum.klodzko.pl\/n\/wp-content\/uploads\/2025\/04\/DSC60fwafskiegt97-768x56.jpg 768w, https:\/\/www.muzeum.klodzko.pl\/n\/wp-content\/uploads\/2025\/04\/DSC60fwafskiegt97-1536x112.jpg 1536w, https:\/\/www.muzeum.klodzko.pl\/n\/wp-content\/uploads\/2025\/04\/DSC60fwafskiegt97.jpg 1890w\" sizes=\"auto, (max-width: 1024px) 100vw, 1024px\" \/><\/figure>\n\n\n\n<p><br>\u25cf   <a href=\"https:\/\/www.muzeum.klodzko.pl\/n\/andreas-ernst-1861-1929-klodzki-architekt-ein-glatzer-architekt\/\" data-type=\"link\" data-id=\"https:\/\/www.muzeum.klodzko.pl\/n\/andreas-ernst-1861-1929-klodzki-architekt-ein-glatzer-architekt\/\" target=\"_blank\" rel=\"noreferrer noopener\">Andreas Ernst (1861-1929) k\u0142odzki architekt\/ein Glatzer Architekt. <\/a><\/p>\n\n\n\n<p>\u25cf  <a href=\"https:\/\/www.muzeum.klodzko.pl\/n\/nasze-publikacje-2\/franz-wagner\/\" data-type=\"page\" data-id=\"996\" target=\"_blank\" rel=\"noreferrer noopener\">Franz Wagner (1887-1942) k\u0142odzki rze\u017abiarz\/ ein Glatzer Bildhauermeister <\/a><\/p>\n\n\n\n<p>\u25cf   <a href=\"https:\/\/www.muzeum.klodzko.pl\/n\/nasze-publikacje-2\/grafika-i-malarstwo-pejzazowe-na-ziemi-klodzkiej-w\/\" target=\"_blank\" rel=\"noreferrer noopener\">Grafika i malarstwo pejza\u017cowe na Ziemi K\u0142odzkiej w XX stuleciu \u2013 pokolenia. Katalog wystawy 9 IV \u2013 16 V 1999<\/a><\/p>\n\n\n\n<p class=\"has-text-align-left\">\u25cf   <a href=\"https:\/\/www.muzeum.klodzko.pl\/n\/nasze-publikacje-2\/klodzko-w-sredniowieczu\/\" data-type=\"page\" data-id=\"913\">K\u0142odzko w \u015bredniowieczu<\/a><\/p>\n\n\n\n<p class=\"has-text-align-left\">\u25cf   <a href=\"https:\/\/www.muzeum.klodzko.pl\/n\/nasze-publikacje-2\/klodzko-dzieje-miasta\/\" data-type=\"page\" data-id=\"961\" target=\"_blank\" rel=\"noreferrer noopener\">K\u0142odzko, dzieje miasta<\/a><\/p>\n\n\n\n<p>\u25cf   <a href=\"https:\/\/www.muzeum.klodzko.pl\/n\/nasze-publikacje-2\/kruche-piekno-szklo-klodzkie-2-polowy-xx-w-kolekcja-muzeum-ziemi-klodzkiej-w-klodzku\/\" target=\"_blank\" rel=\"noreferrer noopener\">Kruche pi\u0119kno. Szk\u0142o k\u0142odzkie 2 po\u0142owy XX w. Kolekcja Muzeum Ziemi K\u0142odzkiej w K\u0142odzku. <\/a><\/p>\n\n\n\n<p>\u25cf   <a href=\"https:\/\/www.muzeum.klodzko.pl\/n\/nasze-publikacje-2\/marianna-oranska-a-ziemia-klodzka\/\" target=\"_blank\" rel=\"noreferrer noopener\">Marianna Ora\u0144ska a Ziemia K\u0142odzka<\/a><\/p>\n\n\n\n<p>\u25cf   <a href=\"https:\/\/www.muzeum.klodzko.pl\/n\/nasze-publikacje-2\/michal-klahr-starszy-i-jego-theatrum-sacrum\/\" target=\"_blank\" rel=\"noreferrer noopener\">Micha\u0142 Klahr Starszy i jego theatrum sacrum<\/a><\/p>\n\n\n\n<p>\u25cf   <a href=\"https:\/\/www.muzeum.klodzko.pl\/n\/nasze-publikacje-2\/mistrz-i-uczen-zbigniew-horbowy-ryszard-bilan-sen-o-klodzku\/\" data-type=\"page\" data-id=\"936\" target=\"_blank\" rel=\"noreferrer noopener\">Mistrz i Ucze\u0144<\/a><\/p>\n\n\n\n<p>\u25cf   <a href=\"https:\/\/www.muzeum.klodzko.pl\/n\/nasze-publikacje-2\/muzeum-ziemi-klodzkiej-50-lat-dla-regionu-1963-2013\/\" data-type=\"page\" data-id=\"917\" target=\"_blank\" rel=\"noreferrer noopener\">Muzeum Ziemi K\u0142odzkiej. 50 lat dla regionu 1963-2013<\/a><\/p>\n\n\n\n<p>\u25cf   <a href=\"https:\/\/www.muzeum.klodzko.pl\/n\/nasze-publikacje-2\/nasze-drogi-do-malej-ojczyzny\/\" target=\"_blank\" rel=\"noreferrer noopener\">Nasze drogi do ma\u0142ej ojczyzny. Rodzinne wspomnienia mieszka\u0144c\u00f3w ziemi k\u0142odzkiej<\/a><\/p>\n\n\n\n<p>\u25cf   <a href=\"https:\/\/www.muzeum.klodzko.pl\/n\/nasze-publikacje-2\/negatyw-cienia\/\" data-type=\"page\" data-id=\"942\" target=\"_blank\" rel=\"noreferrer noopener\">Negatyw cienia<\/a><\/p>\n\n\n\n<p>\u25cf  <a href=\"https:\/\/www.muzeum.klodzko.pl\/n\/nasze-publikacje-2\/oblicze-miasta\/\" data-type=\"page\" data-id=\"947\" target=\"_blank\" rel=\"noreferrer noopener\">Oblicze miasta<\/a> <\/p>\n\n\n\n<p>\u25cf   <a href=\"https:\/\/www.muzeum.klodzko.pl\/n\/projektowanie-historii-historiografia-ziemi-klodzkiej-od-sredniowiecza-do-wspolczesnosci\/\" target=\"_blank\" rel=\"noreferrer noopener\">Projektowanie historii. Historiografia ziemi k\u0142odzkiej od \u015bredniowiecza do wsp\u00f3\u0142czesno\u015bci.<\/a><\/p>\n\n\n\n<p>\u25cf   <a href=\"https:\/\/www.muzeum.klodzko.pl\/n\/nasze-publikacje-2\/przewodnik-po-zbiorach-muzeum-ziemi-klodzkiej\/\" target=\"_blank\" rel=\"noreferrer noopener\">Przewodnik po zbiorach Muzeum Ziemi K\u0142odzkiej<\/a><\/p>\n\n\n\n<p>\u25cf   <a href=\"https:\/\/www.muzeum.klodzko.pl\/n\/nasze-publikacje-2\/ryszard-bilan-powroty-malarstwo-grafika-rzezba\/\" target=\"_blank\" rel=\"noreferrer noopener\">Ryszard Bilan. Powroty. Malarstwo, grafika, rze\u017aba<\/a><\/p>\n\n\n\n<p>\u25cf  <a href=\"https:\/\/www.muzeum.klodzko.pl\/n\/spacerownik-po-klodzku-andreasa-ernsta-1861-1929\/\" data-type=\"link\" data-id=\"https:\/\/www.muzeum.klodzko.pl\/n\/spacerownik-po-klodzku-andreasa-ernsta-1861-1929\/\" target=\"_blank\" rel=\"noreferrer noopener\">Spacerownik po K\u0142odzku Andreasa Ernsta (1861-1929)<\/a><\/p>\n\n\n\n<p>\u25cf   <a href=\"https:\/\/www.muzeum.klodzko.pl\/n\/nasze-publikacje-2\/sportretowani-historie-kostiumem-opowiedziane\/\" target=\"_blank\" rel=\"noreferrer noopener\">Sportretowani. Historie kostiumem opowiedziane.<\/a><\/p>\n\n\n\n<p>\u25cf   <a href=\"https:\/\/www.muzeum.klodzko.pl\/n\/stefan-sadowski-szklane-swiaty\/\" target=\"_blank\" rel=\"noreferrer noopener\">Stefan Sadowski: Szklane \u015awiaty<\/a><\/p>\n\n\n\n<p>\u25cf <a href=\"https:\/\/www.muzeum.klodzko.pl\/n\/nasze-publikacje-2\/wspolczesne-klodzkie-szklo-artystyczne-na-tle-tradycji-szklarstwa-ziemi-klodzkiej\/\" data-type=\"page\" data-id=\"955\" target=\"_blank\" rel=\"noreferrer noopener\">Wsp\u00f3\u0142czesne k\u0142odzkie szk\u0142o artystyczne na tle tradycji szklarstwa Ziemi K\u0142odzkiej<\/a><\/p>\n\n\n\n<p>\u25cf   <a href=\"https:\/\/www.muzeum.klodzko.pl\/n\/nasze-publikacje-2\/zaczelo-sie-w-bad-reinerz\/\" target=\"_blank\" rel=\"noreferrer noopener\">Zacz\u0119\u0142o si\u0119 w Bad Reinerz\u2026 Tradycje muzyczne Dusznik Zdroju<\/a><\/p>\n\n\n\n<p>\u25cf   <a href=\"https:\/\/www.muzeum.klodzko.pl\/n\/nasze-publikacje-2\/z-dziejow-klodzka\/\" target=\"_blank\" rel=\"noreferrer noopener\">Z dziej\u00f3w K\u0142odzka. Katalog wystawy.<\/a><\/p>\n\n\n\n<p>\u25cf  <a href=\"https:\/\/www.muzeum.klodzko.pl\/n\/nasze-publikacje-2\/zywot-arnosta-z-pardubic-wedlug-walentego-krautwalda\/\" data-type=\"page\" data-id=\"909\">\u017bywot Arno\u015bta z Pardubic wed\u0142ug Walentego Krautwalda<\/a><\/p>\n\n\n<div class=\"wp-block-image\">\n<figure class=\"aligncenter size-large is-resized\"><img loading=\"lazy\" decoding=\"async\" width=\"1024\" height=\"982\" src=\"https:\/\/www.muzeum.klodzko.pl\/n\/wp-content\/uploads\/2025\/04\/gb-006-1024x982.jpg\" alt=\"\" class=\"wp-image-970\" style=\"width:139px;height:auto\" srcset=\"https:\/\/www.muzeum.klodzko.pl\/n\/wp-content\/uploads\/2025\/04\/gb-006-1024x982.jpg 1024w, https:\/\/www.muzeum.klodzko.pl\/n\/wp-content\/uploads\/2025\/04\/gb-006-300x288.jpg 300w, https:\/\/www.muzeum.klodzko.pl\/n\/wp-content\/uploads\/2025\/04\/gb-006-768x737.jpg 768w, https:\/\/www.muzeum.klodzko.pl\/n\/wp-content\/uploads\/2025\/04\/gb-006-1536x1473.jpg 1536w, https:\/\/www.muzeum.klodzko.pl\/n\/wp-content\/uploads\/2025\/04\/gb-006.jpg 1890w\" sizes=\"auto, (max-width: 1024px) 100vw, 1024px\" \/><\/figure>\n<\/div>\n\n\n<p class=\"has-text-align-center\"><strong>Dla Najm\u0142odszych<\/strong><\/p>\n\n\n\n<p>\u25cf   <a href=\"https:\/\/www.muzeum.klodzko.pl\/n\/duszek-maksio-i-tajemnica-muzealnego-dziedzinca\/\" target=\"_blank\" rel=\"noreferrer noopener\">Duszek Maksio i tajemnica muzealnego dziedzi\u0144ca. Stra\u0161id\u00fdlko Max\u00edk a tajemstv\u00ed muzejn\u00edho n\u00e1dvo\u0159\u00ed. <\/a><\/p>\n\n\n\n<p>\u25cf   <a href=\"https:\/\/www.muzeum.klodzko.pl\/n\/nasze-publikacje-2\/na-tropach-chochlika-gburka\/\" target=\"_blank\" rel=\"noreferrer noopener\">Na tropach chochlika Gburka<\/a><\/p>\n\n\n\n<p>\u25cf   <a href=\"https:\/\/www.muzeum.klodzko.pl\/n\/nasze-publikacje-2\/jak-skrzat-teofil-zwiedzal-muzeum-w-klodzku\/\" target=\"_blank\" rel=\"noreferrer noopener\">Jak skrzat Teofil zwiedza\u0142 muzeum w K\u0142odzku<\/a><\/p>\n\n\n\n<p>\u25cf   <\/p>\n\n\n\n<figure class=\"wp-block-image size-large\"><img loading=\"lazy\" decoding=\"async\" width=\"1024\" height=\"434\" src=\"https:\/\/www.muzeum.klodzko.pl\/n\/wp-content\/uploads\/2025\/04\/sc0045-1024x434.jpg\" alt=\"\" class=\"wp-image-972\" srcset=\"https:\/\/www.muzeum.klodzko.pl\/n\/wp-content\/uploads\/2025\/04\/sc0045-1024x434.jpg 1024w, https:\/\/www.muzeum.klodzko.pl\/n\/wp-content\/uploads\/2025\/04\/sc0045-300x127.jpg 300w, https:\/\/www.muzeum.klodzko.pl\/n\/wp-content\/uploads\/2025\/04\/sc0045-768x325.jpg 768w, https:\/\/www.muzeum.klodzko.pl\/n\/wp-content\/uploads\/2025\/04\/sc0045-1536x651.jpg 1536w, https:\/\/www.muzeum.klodzko.pl\/n\/wp-content\/uploads\/2025\/04\/sc0045.jpg 1890w\" sizes=\"auto, (max-width: 1024px) 100vw, 1024px\" \/><\/figure>\n","protected":false},"excerpt":{"rendered":"<p>Nasze publikacje \u25cf Zeszyty Muzeum Ziemi K\u0142odzkiej Periodyk popularno-naukowego Muzeum, kt\u00f3ry zgodnie z ustalonym przed laty programem, zawiera materia\u0142y zajmuj\u0105ce si\u0119 szeroko poj\u0119t\u0105 problematyk\u0105 regionu k\u0142odzkiego: jego dziejami, rozwojem kulturalnym, zagadnieniami spo\u0142eczno-gospodarczymi, jak r\u00f3wnie\u017c prezentuje zbiory i dokonania k\u0142odzkiego muzeum. \u25cf Atrakcje Turystyczne Ziemi K\u0142odzkiej na dawnej karcie pocztowej ze zbior\u00f3w Muzeum Ziemi K\u0142odzkiej. Touristische&hellip;&nbsp;<a href=\"https:\/\/www.muzeum.klodzko.pl\/n\/nasze-publikacje-2\/\" rel=\"bookmark\">Dowiedz si\u0119 wi\u0119cej &raquo;<span class=\"screen-reader-text\">Nasze Publikacje<\/span><\/a><\/p>\n","protected":false},"author":3,"featured_media":965,"parent":0,"menu_order":0,"comment_status":"closed","ping_status":"closed","template":"","meta":{"neve_meta_sidebar":"","neve_meta_container":"","neve_meta_enable_content_width":"","neve_meta_content_width":0,"neve_meta_title_alignment":"","neve_meta_author_avatar":"","neve_post_elements_order":"","neve_meta_disable_header":"","neve_meta_disable_footer":"","neve_meta_disable_title":"","footnotes":""},"class_list":["post-655","page","type-page","status-publish","has-post-thumbnail","hentry"],"_links":{"self":[{"href":"https:\/\/www.muzeum.klodzko.pl\/n\/wp-json\/wp\/v2\/pages\/655","targetHints":{"allow":["GET"]}}],"collection":[{"href":"https:\/\/www.muzeum.klodzko.pl\/n\/wp-json\/wp\/v2\/pages"}],"about":[{"href":"https:\/\/www.muzeum.klodzko.pl\/n\/wp-json\/wp\/v2\/types\/page"}],"author":[{"embeddable":true,"href":"https:\/\/www.muzeum.klodzko.pl\/n\/wp-json\/wp\/v2\/users\/3"}],"replies":[{"embeddable":true,"href":"https:\/\/www.muzeum.klodzko.pl\/n\/wp-json\/wp\/v2\/comments?post=655"}],"version-history":[{"count":39,"href":"https:\/\/www.muzeum.klodzko.pl\/n\/wp-json\/wp\/v2\/pages\/655\/revisions"}],"predecessor-version":[{"id":2190,"href":"https:\/\/www.muzeum.klodzko.pl\/n\/wp-json\/wp\/v2\/pages\/655\/revisions\/2190"}],"wp:featuredmedia":[{"embeddable":true,"href":"https:\/\/www.muzeum.klodzko.pl\/n\/wp-json\/wp\/v2\/media\/965"}],"wp:attachment":[{"href":"https:\/\/www.muzeum.klodzko.pl\/n\/wp-json\/wp\/v2\/media?parent=655"}],"curies":[{"name":"wp","href":"https:\/\/api.w.org\/{rel}","templated":true}]}}