{"id":731,"date":"2025-04-02T08:44:38","date_gmt":"2025-04-02T06:44:38","guid":{"rendered":"https:\/\/www.muzeum.klodzko.pl\/n\/?page_id=731"},"modified":"2025-04-03T13:11:07","modified_gmt":"2025-04-03T11:11:07","slug":"zeszyty-muzeum-ziemi-klodzkiej-nr-6","status":"publish","type":"page","link":"https:\/\/www.muzeum.klodzko.pl\/n\/nasze-publikacje-2\/zeszyty-muzeum-ziemi-klodzkiej-nr-6\/","title":{"rendered":"Zeszyty Muzeum Ziemi K\u0142odzkiej nr 6."},"content":{"rendered":"\n<p><strong><em>Zeszyty Muzeum Ziemi K\u0142odzkiej nr 6<\/em><\/strong><\/p>\n\n\n\n<p>Red.<strong> Zyta Kwieci\u0144ska<\/strong>. K\u0142odzko 1998, ss. 192, 17&#215;24 cm.<br><br>cena: 10 z\u0142<\/p>\n\n\n\n<p>W 6 tomie <strong>Zeszyt\u00f3w Muzeum Ziemi K\u0142odzkiej<\/strong> znajdziemy mi\u0119dzy innymi:<\/p>\n\n\n\n<p>ARTYKU\u0141Y<br>-Krzysztof Eysymontt \u2013 Zamek i nowo\u017cytny dw\u00f3r w Mi\u0119dzylesiu<br>-Teresa Bogacz, Beata Konopska \u2013 Kartograficzny obraz K\u0142odzczyzny na tle \u015al\u0105ska w \u015bwietle opis\u00f3w geograficznych od schy\u0142ku XV do pocz\u0105tku XVII stulecia<br>-Milan My\u0161ka \u2013 Hermann Dietrich Lindheim a pocz\u0105tki nowoczesnego przemys\u0142u w monarchii habsburskiej<br>-Krystyna Oniszczuk-Awi\u017een, Krystyna Toczy\u0144ska-Rudysz \u2013 Zwi\u0105zki Karola von Holteia z Ziemi\u0105 K\u0142odzka<br>-Gerhard Kosellek \u2013 Sprawy polskie w dzie\u0142ach Karola von Holteia<\/p>\n\n\n\n<p>MATERIA\u0141Y I DOKUMENTY<br>-Rudolf Zr\u016fbek \u2013 Huty szk\u0142a na Ziemi K\u0142odzkiej. Materia\u0142y do katalogu<br>-Teresa Windyka \u2013 Filigrany papierni dusznickiej<br>-Maciej Szymczyk \u2013 Ziemia K\u0142odzka w wa\u017cniejszych polskoj\u0119zycznych opracowaniach geograficznych XVIII wieku<br>-Dieter Pohl \u2013 Archiwum historyka i regionalisty Josepha K\u00f6glera<br>-Krzysztof R. Mazurski \u2013 Mathias Zdarsky \u2013 jego \u017cycie i dzie\u0142o Jan Wagner \u2013 Josef Stefan Kub\u00edn i jego badania na Ziemi K\u0142odzkiej<br>-Zenon Szymankiewicz \u2013 W czasie wojny w R\u00f3\u017cance ze znakiem \u201eP\u201d<br>-Irena Klimaszewska \u2013 Biblioteka Naukowa Muzeum Ziemi K\u0142odzkiej<\/p>\n\n\n\n<p>RECENZJE + OM\u00d3WIENIA + POLEMIKI<br>-Bogus\u0142aw Czechowicz \u2013 Przyczynki do dziej\u00f3w rozbudowy i dekoracji ko\u015bcio\u0142\u00f3w w Nowej Wsi i Roztokach pod koniec XVIII i na pocz\u0105tku XIX wieku<br>-Krzysztof R. Mazurski \u2013 Nowa edycja prac J\u00f3zefa K\u00f6glera<br>-P. Migo\u0144, Ziemia K\u0142odzka \u2013 przewodnik \u2013 Andrzej Behan<br>-K. Bartnik, Bystrzyca K\u0142odzka \u2013 Bogus\u0142aw Czechowicz D. Pohl, E. Hoffmann, Das Dekanatsarchiv des Erzbisch\u00f6flichen Generalvikariats der Grafschaft Glatz. Bestandsaufnahme 1994 \u2013 Piotr Pregiel<br>-A. Herzig, Reformatorische Bewegungen und Konfessionalisierung. <em>Die habsburgische Rekatholisierungspolitik in der Grafschaft Glatz \u2013 Piotr Pregiel<\/em><\/p>\n\n\n\n<p>KRONIKA<br>-Kalendarium spo\u0142eczno-kulturalne 1993-1995 \u2013 Roman Sakaluk<br>-Park Narodowy G\u00f3r Sto\u0142owych\u201d. Wystawa w Muzeum Ziemi K\u0142odzkiej<br>(czerwiec-pa\u017adziernik 1994 r.) \u2013 Andrzej Grodzicki<br>-Ziemia K\u0142odzka w dawnej kartografii\u201d. Wystawa map w Muzeum Ziemi K\u0142odzkiej- Beata Konopska<br>-Dzia\u0142alno\u015b\u0107 Muzeum Ziemi K\u0142odzkiej w latach 1993-1995 \u2013 Lucyna \u015awist<\/p>\n\n\n\n<figure class=\"wp-block-image size-full\"><img loading=\"lazy\" decoding=\"async\" width=\"333\" height=\"445\" src=\"https:\/\/www.muzeum.klodzko.pl\/n\/wp-content\/uploads\/2025\/04\/2021-04-21-2.jpg\" alt=\"\" class=\"wp-image-732\" srcset=\"https:\/\/www.muzeum.klodzko.pl\/n\/wp-content\/uploads\/2025\/04\/2021-04-21-2.jpg 333w, https:\/\/www.muzeum.klodzko.pl\/n\/wp-content\/uploads\/2025\/04\/2021-04-21-2-224x300.jpg 224w\" sizes=\"auto, (max-width: 333px) 100vw, 333px\" \/><\/figure>\n","protected":false},"excerpt":{"rendered":"<p>Zeszyty Muzeum Ziemi K\u0142odzkiej nr 6 Red. Zyta Kwieci\u0144ska. K\u0142odzko 1998, ss. 192, 17&#215;24 cm. cena: 10 z\u0142 W 6 tomie Zeszyt\u00f3w Muzeum Ziemi K\u0142odzkiej znajdziemy mi\u0119dzy innymi: ARTYKU\u0141Y-Krzysztof Eysymontt \u2013 Zamek i nowo\u017cytny dw\u00f3r w Mi\u0119dzylesiu-Teresa Bogacz, Beata Konopska \u2013 Kartograficzny obraz K\u0142odzczyzny na tle \u015al\u0105ska w \u015bwietle opis\u00f3w geograficznych od schy\u0142ku XV do&hellip;&nbsp;<a href=\"https:\/\/www.muzeum.klodzko.pl\/n\/nasze-publikacje-2\/zeszyty-muzeum-ziemi-klodzkiej-nr-6\/\" rel=\"bookmark\">Dowiedz si\u0119 wi\u0119cej &raquo;<span class=\"screen-reader-text\">Zeszyty Muzeum Ziemi K\u0142odzkiej nr 6.<\/span><\/a><\/p>\n","protected":false},"author":3,"featured_media":874,"parent":655,"menu_order":0,"comment_status":"closed","ping_status":"closed","template":"","meta":{"neve_meta_sidebar":"","neve_meta_container":"","neve_meta_enable_content_width":"","neve_meta_content_width":0,"neve_meta_title_alignment":"","neve_meta_author_avatar":"","neve_post_elements_order":"","neve_meta_disable_header":"","neve_meta_disable_footer":"","neve_meta_disable_title":"","footnotes":""},"class_list":["post-731","page","type-page","status-publish","has-post-thumbnail","hentry"],"_links":{"self":[{"href":"https:\/\/www.muzeum.klodzko.pl\/n\/wp-json\/wp\/v2\/pages\/731","targetHints":{"allow":["GET"]}}],"collection":[{"href":"https:\/\/www.muzeum.klodzko.pl\/n\/wp-json\/wp\/v2\/pages"}],"about":[{"href":"https:\/\/www.muzeum.klodzko.pl\/n\/wp-json\/wp\/v2\/types\/page"}],"author":[{"embeddable":true,"href":"https:\/\/www.muzeum.klodzko.pl\/n\/wp-json\/wp\/v2\/users\/3"}],"replies":[{"embeddable":true,"href":"https:\/\/www.muzeum.klodzko.pl\/n\/wp-json\/wp\/v2\/comments?post=731"}],"version-history":[{"count":3,"href":"https:\/\/www.muzeum.klodzko.pl\/n\/wp-json\/wp\/v2\/pages\/731\/revisions"}],"predecessor-version":[{"id":918,"href":"https:\/\/www.muzeum.klodzko.pl\/n\/wp-json\/wp\/v2\/pages\/731\/revisions\/918"}],"up":[{"embeddable":true,"href":"https:\/\/www.muzeum.klodzko.pl\/n\/wp-json\/wp\/v2\/pages\/655"}],"wp:featuredmedia":[{"embeddable":true,"href":"https:\/\/www.muzeum.klodzko.pl\/n\/wp-json\/wp\/v2\/media\/874"}],"wp:attachment":[{"href":"https:\/\/www.muzeum.klodzko.pl\/n\/wp-json\/wp\/v2\/media?parent=731"}],"curies":[{"name":"wp","href":"https:\/\/api.w.org\/{rel}","templated":true}]}}