{"id":738,"date":"2025-04-02T08:50:42","date_gmt":"2025-04-02T06:50:42","guid":{"rendered":"https:\/\/www.muzeum.klodzko.pl\/n\/?page_id=738"},"modified":"2025-04-03T12:37:53","modified_gmt":"2025-04-03T10:37:53","slug":"nasze-drogi-do-malej-ojczyzny","status":"publish","type":"page","link":"https:\/\/www.muzeum.klodzko.pl\/n\/nasze-publikacje-2\/nasze-drogi-do-malej-ojczyzny\/","title":{"rendered":"Nasze drogi do ma\u0142ej ojczyzny&#8230;.."},"content":{"rendered":"\n<p><strong><em>Nasze drogi do ma\u0142ej ojczyzny. Rodzinne wspomnienia mieszka\u0144c\u00f3w ziemi k\u0142odzkiej<\/em><\/strong><br>Red. Krystyna Oniszczuk-Awi\u017ce\u0144, wsp\u00f3\u0142praca Irena Klimaszewska. K\u0142odzko 2008, ss. 80, 21&#215;21 cm.<br><br>cena: 10 z\u0142<\/p>\n\n\n\n<p>Ksi\u0105\u017cka Nasze drogi do ma\u0142ej ojczyzny. Rodzinne wspomnienia mieszka\u0144c\u00f3w ziemi k\u0142odzkiej. jest pok\u0142osiem trzech edycji konkursu historycznego pt. Z jakimi wydarzeniami historycznymi zwi\u0105zane s\u0105 losy Twojej rodziny, organizowanego przez Muzeum Ziemi K\u0142odzkiej i k\u0142odzki oddzia\u0142 Polskiego Towarzystwa Historycznego w\u015br\u00f3d uczni\u00f3w szk\u00f3\u0142 gimnazjalnych. Zawiera 29 spisanych i wyr\u00f3\u017cnionych w konkursie wspomnie\u0144, zebranych przez uczni\u00f3w w\u015br\u00f3d najstarszych cz\u0142onk\u00f3w swoich rodzin, przyby\u0142ych na ziemi\u0119 k\u0142odzk\u0105 po zako\u0144czeniu II wojny \u015bwiatowej. Publikacja zawiera tak\u017ce bogaty materia\u0142 ilustracyjny, m.in. archiwalne zdj\u0119cia rodzinne, fotografie dokument\u00f3w, wycink\u00f3w prasowych, obwieszcze\u0144 w\u0142adz miejskich z lat powojennych. <\/p>\n\n\n\n<figure class=\"wp-block-image size-full\"><img loading=\"lazy\" decoding=\"async\" width=\"445\" height=\"445\" src=\"https:\/\/www.muzeum.klodzko.pl\/n\/wp-content\/uploads\/2025\/04\/2021-04-21-4.jpg\" alt=\"\" class=\"wp-image-739\" srcset=\"https:\/\/www.muzeum.klodzko.pl\/n\/wp-content\/uploads\/2025\/04\/2021-04-21-4.jpg 445w, https:\/\/www.muzeum.klodzko.pl\/n\/wp-content\/uploads\/2025\/04\/2021-04-21-4-300x300.jpg 300w, https:\/\/www.muzeum.klodzko.pl\/n\/wp-content\/uploads\/2025\/04\/2021-04-21-4-150x150.jpg 150w\" sizes=\"auto, (max-width: 445px) 100vw, 445px\" \/><\/figure>\n","protected":false},"excerpt":{"rendered":"<p>Nasze drogi do ma\u0142ej ojczyzny. Rodzinne wspomnienia mieszka\u0144c\u00f3w ziemi k\u0142odzkiejRed. Krystyna Oniszczuk-Awi\u017ce\u0144, wsp\u00f3\u0142praca Irena Klimaszewska. K\u0142odzko 2008, ss. 80, 21&#215;21 cm. cena: 10 z\u0142 Ksi\u0105\u017cka Nasze drogi do ma\u0142ej ojczyzny. Rodzinne wspomnienia mieszka\u0144c\u00f3w ziemi k\u0142odzkiej. jest pok\u0142osiem trzech edycji konkursu historycznego pt. Z jakimi wydarzeniami historycznymi zwi\u0105zane s\u0105 losy Twojej rodziny, organizowanego przez Muzeum Ziemi&hellip;&nbsp;<a href=\"https:\/\/www.muzeum.klodzko.pl\/n\/nasze-publikacje-2\/nasze-drogi-do-malej-ojczyzny\/\" rel=\"bookmark\">Dowiedz si\u0119 wi\u0119cej &raquo;<span class=\"screen-reader-text\">Nasze drogi do ma\u0142ej ojczyzny&#8230;..<\/span><\/a><\/p>\n","protected":false},"author":3,"featured_media":739,"parent":655,"menu_order":0,"comment_status":"closed","ping_status":"closed","template":"","meta":{"neve_meta_sidebar":"","neve_meta_container":"","neve_meta_enable_content_width":"","neve_meta_content_width":0,"neve_meta_title_alignment":"","neve_meta_author_avatar":"","neve_post_elements_order":"","neve_meta_disable_header":"","neve_meta_disable_footer":"","neve_meta_disable_title":"","footnotes":""},"class_list":["post-738","page","type-page","status-publish","has-post-thumbnail","hentry"],"_links":{"self":[{"href":"https:\/\/www.muzeum.klodzko.pl\/n\/wp-json\/wp\/v2\/pages\/738","targetHints":{"allow":["GET"]}}],"collection":[{"href":"https:\/\/www.muzeum.klodzko.pl\/n\/wp-json\/wp\/v2\/pages"}],"about":[{"href":"https:\/\/www.muzeum.klodzko.pl\/n\/wp-json\/wp\/v2\/types\/page"}],"author":[{"embeddable":true,"href":"https:\/\/www.muzeum.klodzko.pl\/n\/wp-json\/wp\/v2\/users\/3"}],"replies":[{"embeddable":true,"href":"https:\/\/www.muzeum.klodzko.pl\/n\/wp-json\/wp\/v2\/comments?post=738"}],"version-history":[{"count":2,"href":"https:\/\/www.muzeum.klodzko.pl\/n\/wp-json\/wp\/v2\/pages\/738\/revisions"}],"predecessor-version":[{"id":895,"href":"https:\/\/www.muzeum.klodzko.pl\/n\/wp-json\/wp\/v2\/pages\/738\/revisions\/895"}],"up":[{"embeddable":true,"href":"https:\/\/www.muzeum.klodzko.pl\/n\/wp-json\/wp\/v2\/pages\/655"}],"wp:featuredmedia":[{"embeddable":true,"href":"https:\/\/www.muzeum.klodzko.pl\/n\/wp-json\/wp\/v2\/media\/739"}],"wp:attachment":[{"href":"https:\/\/www.muzeum.klodzko.pl\/n\/wp-json\/wp\/v2\/media?parent=738"}],"curies":[{"name":"wp","href":"https:\/\/api.w.org\/{rel}","templated":true}]}}