{"id":756,"date":"2025-04-02T09:05:15","date_gmt":"2025-04-02T07:05:15","guid":{"rendered":"https:\/\/www.muzeum.klodzko.pl\/n\/?page_id=756"},"modified":"2025-04-03T12:59:34","modified_gmt":"2025-04-03T10:59:34","slug":"grafika-i-malarstwo-pejzazowe-na-ziemi-klodzkiej-w","status":"publish","type":"page","link":"https:\/\/www.muzeum.klodzko.pl\/n\/nasze-publikacje-2\/grafika-i-malarstwo-pejzazowe-na-ziemi-klodzkiej-w\/","title":{"rendered":"Grafika i malarstwo pejza\u017cowe na Ziemi K\u0142odzkiej w XX stuleciu"},"content":{"rendered":"\n<p><strong><em>Grafika i malarstwo pejza\u017cowe na Ziemi K\u0142odzkiej w XX stuleciu \u2013 pokolenia. Katalog wystawy 9 IV \u2013 16 V 1999<\/em><\/strong>. <br>Oprac. <strong>S\u0142awomir Borucki<\/strong>. K\u0142odzko 1999, ss. 14, 23x32cm.<\/p>\n\n\n\n<p>cena: 5 z\u0142 <\/p>\n\n\n\n<p>Grafika i malarstwo pejza\u017cowe na Ziemi K\u0142odzkiej w XX stuleciu \u2013 pokolenia. Katalog towarzysz\u0105cy wystawie pod tym samym tytu\u0142em prezentuje zar\u00f3wno dorobek tw\u00f3rc\u00f3w m\u0142odego pokolenia, tj. artyst\u00f3w tworz\u0105cych od lat 60. po 90. XX w., prace pokolenia powojennego, jak te\u017c grupy k\u0142odzkich malarzy pochodzenia niemieckiego skupionych przed 1945 r. wok\u00f3\u0142 \u201eVerein f\u00fcr Glatzer Heimatkunde\u201d <\/p>\n\n\n\n<figure class=\"wp-block-image size-full\"><img loading=\"lazy\" decoding=\"async\" width=\"328\" height=\"445\" src=\"https:\/\/www.muzeum.klodzko.pl\/n\/wp-content\/uploads\/2025\/04\/2021-04-21-8.jpg\" alt=\"\" class=\"wp-image-757\" srcset=\"https:\/\/www.muzeum.klodzko.pl\/n\/wp-content\/uploads\/2025\/04\/2021-04-21-8.jpg 328w, https:\/\/www.muzeum.klodzko.pl\/n\/wp-content\/uploads\/2025\/04\/2021-04-21-8-221x300.jpg 221w\" sizes=\"auto, (max-width: 328px) 100vw, 328px\" \/><\/figure>\n","protected":false},"excerpt":{"rendered":"<p>Grafika i malarstwo pejza\u017cowe na Ziemi K\u0142odzkiej w XX stuleciu \u2013 pokolenia. Katalog wystawy 9 IV \u2013 16 V 1999. Oprac. S\u0142awomir Borucki. K\u0142odzko 1999, ss. 14, 23x32cm. cena: 5 z\u0142 Grafika i malarstwo pejza\u017cowe na Ziemi K\u0142odzkiej w XX stuleciu \u2013 pokolenia. Katalog towarzysz\u0105cy wystawie pod tym samym tytu\u0142em prezentuje zar\u00f3wno dorobek tw\u00f3rc\u00f3w m\u0142odego&hellip;&nbsp;<a href=\"https:\/\/www.muzeum.klodzko.pl\/n\/nasze-publikacje-2\/grafika-i-malarstwo-pejzazowe-na-ziemi-klodzkiej-w\/\" rel=\"bookmark\">Dowiedz si\u0119 wi\u0119cej &raquo;<span class=\"screen-reader-text\">Grafika i malarstwo pejza\u017cowe na Ziemi K\u0142odzkiej w XX stuleciu<\/span><\/a><\/p>\n","protected":false},"author":3,"featured_media":907,"parent":655,"menu_order":0,"comment_status":"closed","ping_status":"closed","template":"","meta":{"neve_meta_sidebar":"","neve_meta_container":"","neve_meta_enable_content_width":"","neve_meta_content_width":0,"neve_meta_title_alignment":"","neve_meta_author_avatar":"","neve_post_elements_order":"","neve_meta_disable_header":"","neve_meta_disable_footer":"","neve_meta_disable_title":"","footnotes":""},"class_list":["post-756","page","type-page","status-publish","has-post-thumbnail","hentry"],"_links":{"self":[{"href":"https:\/\/www.muzeum.klodzko.pl\/n\/wp-json\/wp\/v2\/pages\/756","targetHints":{"allow":["GET"]}}],"collection":[{"href":"https:\/\/www.muzeum.klodzko.pl\/n\/wp-json\/wp\/v2\/pages"}],"about":[{"href":"https:\/\/www.muzeum.klodzko.pl\/n\/wp-json\/wp\/v2\/types\/page"}],"author":[{"embeddable":true,"href":"https:\/\/www.muzeum.klodzko.pl\/n\/wp-json\/wp\/v2\/users\/3"}],"replies":[{"embeddable":true,"href":"https:\/\/www.muzeum.klodzko.pl\/n\/wp-json\/wp\/v2\/comments?post=756"}],"version-history":[{"count":4,"href":"https:\/\/www.muzeum.klodzko.pl\/n\/wp-json\/wp\/v2\/pages\/756\/revisions"}],"predecessor-version":[{"id":908,"href":"https:\/\/www.muzeum.klodzko.pl\/n\/wp-json\/wp\/v2\/pages\/756\/revisions\/908"}],"up":[{"embeddable":true,"href":"https:\/\/www.muzeum.klodzko.pl\/n\/wp-json\/wp\/v2\/pages\/655"}],"wp:featuredmedia":[{"embeddable":true,"href":"https:\/\/www.muzeum.klodzko.pl\/n\/wp-json\/wp\/v2\/media\/907"}],"wp:attachment":[{"href":"https:\/\/www.muzeum.klodzko.pl\/n\/wp-json\/wp\/v2\/media?parent=756"}],"curies":[{"name":"wp","href":"https:\/\/api.w.org\/{rel}","templated":true}]}}