{"id":8,"date":"2024-10-30T15:18:05","date_gmt":"2024-10-30T14:18:05","guid":{"rendered":"https:\/\/localhost\/mzk-new\/?page_id=8"},"modified":"2026-05-26T10:59:18","modified_gmt":"2026-05-26T08:59:18","slug":"strona-glowna","status":"publish","type":"page","link":"https:\/\/www.muzeum.klodzko.pl\/n\/","title":{"rendered":"Zapraszamy"},"content":{"rendered":"\n<h2 class=\"wp-block-heading has-neve-link-hover-color-color has-text-color has-link-color wp-elements-1\">Wydarzenia<\/h2>\n\n\n\n<p class=\"wp-block-paragraph\"><\/p>\n\n\n<ul style=\"padding-top:0;padding-bottom:0\" class=\"wp-block-latest-posts__list has-link-color wp-elements-2 wp-block-latest-posts is-layout-flow wp-block-latest-posts-is-layout-flow\"><li><a class=\"wp-block-latest-posts__post-title\" href=\"https:\/\/www.muzeum.klodzko.pl\/n\/zapraszamy-na-koncert\/\">Zapraszamy na koncert<\/a><div class=\"wp-block-latest-posts__post-excerpt\">A MY I TAK POLECIM! 4 wrze\u015bnia 2026, godz. 17.00 Bilety s\u0105 ju\u017c dost\u0119pne w recepcji Muzeum w cenie 35 z\u0142 WYKONAWCY Oliwia \u015alipek \u2013 sopranFranciszek Gwizdowski \u2013 barytonJerzy Owczarz \u2013&hellip;&nbsp;<a href=\"https:\/\/www.muzeum.klodzko.pl\/n\/zapraszamy-na-koncert\/\" rel=\"bookmark\">Dowiedz si\u0119 wi\u0119cej &raquo;<span class=\"screen-reader-text\">Zapraszamy na koncert<\/span><\/a><\/div><\/li>\n<li><div class=\"wp-block-latest-posts__featured-image\"><a href=\"https:\/\/www.muzeum.klodzko.pl\/n\/a-my-i-tak-polecim-koncert\/\" aria-label=\"A MY I TAK POLECIM! &#8211; KONCERT\"><img loading=\"lazy\" decoding=\"async\" width=\"1024\" height=\"483\" src=\"https:\/\/www.muzeum.klodzko.pl\/n\/wp-content\/uploads\/2026\/08\/BELKA-1024x483.jpg\" class=\"attachment-large size-large wp-post-image\" alt=\"\" style=\"\" srcset=\"https:\/\/www.muzeum.klodzko.pl\/n\/wp-content\/uploads\/2026\/08\/BELKA-1024x483.jpg 1024w, https:\/\/www.muzeum.klodzko.pl\/n\/wp-content\/uploads\/2026\/08\/BELKA-300x141.jpg 300w, https:\/\/www.muzeum.klodzko.pl\/n\/wp-content\/uploads\/2026\/08\/BELKA-150x71.jpg 150w, https:\/\/www.muzeum.klodzko.pl\/n\/wp-content\/uploads\/2026\/08\/BELKA-768x362.jpg 768w, https:\/\/www.muzeum.klodzko.pl\/n\/wp-content\/uploads\/2026\/08\/BELKA.jpg 1273w\" sizes=\"auto, (max-width: 1024px) 100vw, 1024px\" \/><\/a><\/div><a class=\"wp-block-latest-posts__post-title\" href=\"https:\/\/www.muzeum.klodzko.pl\/n\/a-my-i-tak-polecim-koncert\/\">A MY I TAK POLECIM! &#8211; KONCERT<\/a><div class=\"wp-block-latest-posts__post-excerpt\">Zapraszamy na koncert A MY I TAK POLECIM! w Muzeum Ziemi K\u0142odzkiej w K\u0142odzku przy ul. Ignacego \u0141ukasiewicza 4 WYKONAWCY Oliwia \u015alipek \u2013 sopran Franciszek Gwizdowski \u2013 baryton Jerzy Owczarz \u2013&hellip;&nbsp;<a href=\"https:\/\/www.muzeum.klodzko.pl\/n\/a-my-i-tak-polecim-koncert\/\" rel=\"bookmark\">Dowiedz si\u0119 wi\u0119cej &raquo;<span class=\"screen-reader-text\">A MY I TAK POLECIM! &#8211; KONCERT<\/span><\/a><\/div><\/li>\n<li><div class=\"wp-block-latest-posts__featured-image\"><a href=\"https:\/\/www.muzeum.klodzko.pl\/n\/wyklad-julii-polcyn-od-powietrza-glodu-ognia-i-wojny-barokowe-kolumny-maryjne-i-trojcy-swietej-na-ziemi-klodzkiej\/\" aria-label=\"Wyk\u0142ad Julii Polcyn &#8211; ,,Od powietrza, g\u0142odu, ognia i wojny. Barokowe kolumny maryjne i Tr\u00f3jcy \u015awi\u0119tej na Ziemi K\u0142odzkiej&#8221;\"><img loading=\"lazy\" decoding=\"async\" width=\"1024\" height=\"572\" src=\"https:\/\/www.muzeum.klodzko.pl\/n\/wp-content\/uploads\/2026\/07\/figury-1024x572.jpg\" class=\"attachment-large size-large wp-post-image\" alt=\"\" style=\"\" srcset=\"https:\/\/www.muzeum.klodzko.pl\/n\/wp-content\/uploads\/2026\/07\/figury-1024x572.jpg 1024w, https:\/\/www.muzeum.klodzko.pl\/n\/wp-content\/uploads\/2026\/07\/figury-300x167.jpg 300w, https:\/\/www.muzeum.klodzko.pl\/n\/wp-content\/uploads\/2026\/07\/figury-150x84.jpg 150w, https:\/\/www.muzeum.klodzko.pl\/n\/wp-content\/uploads\/2026\/07\/figury-768x429.jpg 768w, https:\/\/www.muzeum.klodzko.pl\/n\/wp-content\/uploads\/2026\/07\/figury-1536x857.jpg 1536w, https:\/\/www.muzeum.klodzko.pl\/n\/wp-content\/uploads\/2026\/07\/figury.jpg 1600w\" sizes=\"auto, (max-width: 1024px) 100vw, 1024px\" \/><\/a><\/div><a class=\"wp-block-latest-posts__post-title\" href=\"https:\/\/www.muzeum.klodzko.pl\/n\/wyklad-julii-polcyn-od-powietrza-glodu-ognia-i-wojny-barokowe-kolumny-maryjne-i-trojcy-swietej-na-ziemi-klodzkiej\/\">Wyk\u0142ad Julii Polcyn &#8211; ,,Od powietrza, g\u0142odu, ognia i wojny. Barokowe kolumny maryjne i Tr\u00f3jcy \u015awi\u0119tej na Ziemi K\u0142odzkiej&#8221;<\/a><div class=\"wp-block-latest-posts__post-excerpt\">Zapraszamy na wyk\u0142ad mgr Julii Polcyn 11 wrze\u015bnia 2026, godzina 17.00 Muzeum Ziemi K\u0142odzkiej w K\u0142odzku ul. Ignacego \u0141ukasiewicza 4 Od powietrza, g\u0142odu, ognia i wojny. Barokowe kolumny maryjne i Tr\u00f3jcy&hellip;&nbsp;<a href=\"https:\/\/www.muzeum.klodzko.pl\/n\/wyklad-julii-polcyn-od-powietrza-glodu-ognia-i-wojny-barokowe-kolumny-maryjne-i-trojcy-swietej-na-ziemi-klodzkiej\/\" rel=\"bookmark\">Dowiedz si\u0119 wi\u0119cej &raquo;<span class=\"screen-reader-text\">Wyk\u0142ad Julii Polcyn &#8211; ,,Od powietrza, g\u0142odu, ognia i wojny. Barokowe kolumny maryjne i Tr\u00f3jcy \u015awi\u0119tej na Ziemi K\u0142odzkiej&#8221;<\/span><\/a><\/div><\/li>\n<li><div class=\"wp-block-latest-posts__featured-image\"><a href=\"https:\/\/www.muzeum.klodzko.pl\/n\/europejskie-dni-dziedzictwa-2026\/\" aria-label=\"Europejskie Dni Dziedzictwa 2026\"><img loading=\"lazy\" decoding=\"async\" width=\"1024\" height=\"349\" src=\"https:\/\/www.muzeum.klodzko.pl\/n\/wp-content\/uploads\/2026\/08\/Belka-EDD-2026-strona-1024x349.jpg\" class=\"attachment-large size-large wp-post-image\" alt=\"\" style=\"\" srcset=\"https:\/\/www.muzeum.klodzko.pl\/n\/wp-content\/uploads\/2026\/08\/Belka-EDD-2026-strona-1024x349.jpg 1024w, https:\/\/www.muzeum.klodzko.pl\/n\/wp-content\/uploads\/2026\/08\/Belka-EDD-2026-strona-300x102.jpg 300w, https:\/\/www.muzeum.klodzko.pl\/n\/wp-content\/uploads\/2026\/08\/Belka-EDD-2026-strona-150x51.jpg 150w, https:\/\/www.muzeum.klodzko.pl\/n\/wp-content\/uploads\/2026\/08\/Belka-EDD-2026-strona-768x262.jpg 768w, https:\/\/www.muzeum.klodzko.pl\/n\/wp-content\/uploads\/2026\/08\/Belka-EDD-2026-strona-1536x523.jpg 1536w, https:\/\/www.muzeum.klodzko.pl\/n\/wp-content\/uploads\/2026\/08\/Belka-EDD-2026-strona.jpg 1800w\" sizes=\"auto, (max-width: 1024px) 100vw, 1024px\" \/><\/a><\/div><a class=\"wp-block-latest-posts__post-title\" href=\"https:\/\/www.muzeum.klodzko.pl\/n\/europejskie-dni-dziedzictwa-2026\/\">Europejskie Dni Dziedzictwa 2026<\/a><div class=\"wp-block-latest-posts__post-excerpt\">Europejskie Dni Dziedzictwa Przysz\u0142o\u015b\u0107 przesz\u0142o\u015bci. DZIEDZICTWO W ZAGRO\u017bENIU 26 wrze\u015bnia 2026, godzina 15.00. Zapraszamy do Ogrodu Ojc\u00f3w Jezuit\u00f3w w K\u0142odzku przy ko\u015bciele pw. Wniebowzi\u0119cia Naj\u015bwi\u0119tszej Maryi Panny w K\u0142odzku Tegoroczna edycja&hellip;&nbsp;<a href=\"https:\/\/www.muzeum.klodzko.pl\/n\/europejskie-dni-dziedzictwa-2026\/\" rel=\"bookmark\">Dowiedz si\u0119 wi\u0119cej &raquo;<span class=\"screen-reader-text\">Europejskie Dni Dziedzictwa 2026<\/span><\/a><\/div><\/li>\n<li><div class=\"wp-block-latest-posts__featured-image\"><a href=\"https:\/\/www.muzeum.klodzko.pl\/n\/xiv-dolnoslaski-festiwal-muzyczny\/\" aria-label=\"XIV Dolno\u015bl\u0105ski Festiwal Muzyczny\"><img loading=\"lazy\" decoding=\"async\" width=\"1024\" height=\"422\" src=\"https:\/\/www.muzeum.klodzko.pl\/n\/wp-content\/uploads\/2026\/07\/belka-1024x422.jpg\" class=\"attachment-large size-large wp-post-image\" alt=\"\" style=\"\" srcset=\"https:\/\/www.muzeum.klodzko.pl\/n\/wp-content\/uploads\/2026\/07\/belka-1024x422.jpg 1024w, https:\/\/www.muzeum.klodzko.pl\/n\/wp-content\/uploads\/2026\/07\/belka-300x124.jpg 300w, https:\/\/www.muzeum.klodzko.pl\/n\/wp-content\/uploads\/2026\/07\/belka-150x62.jpg 150w, https:\/\/www.muzeum.klodzko.pl\/n\/wp-content\/uploads\/2026\/07\/belka-768x317.jpg 768w, https:\/\/www.muzeum.klodzko.pl\/n\/wp-content\/uploads\/2026\/07\/belka-1536x633.jpg 1536w, https:\/\/www.muzeum.klodzko.pl\/n\/wp-content\/uploads\/2026\/07\/belka.jpg 1800w\" sizes=\"auto, (max-width: 1024px) 100vw, 1024px\" \/><\/a><\/div><a class=\"wp-block-latest-posts__post-title\" href=\"https:\/\/www.muzeum.klodzko.pl\/n\/xiv-dolnoslaski-festiwal-muzyczny\/\">XIV Dolno\u015bl\u0105ski Festiwal Muzyczny<\/a><div class=\"wp-block-latest-posts__post-excerpt\">XIV Dolno\u015bl\u0105ski Festiwal Muzyczny Moja pie\u015b\u0144 zn\u00f3w brzmi mi\u0142o\u015bci\u0105&nbsp; 23 sierpnia 2026 godzina 18.00 Muzeum Ziemi K\u0142odzkiej w K\u0142odzku ul. Ignacego \u0141ukasiewicza 4 Farve Duo: Tomasz Sowa &#8211; klarnet&nbsp; Agnieszka Riess&hellip;&nbsp;<a href=\"https:\/\/www.muzeum.klodzko.pl\/n\/xiv-dolnoslaski-festiwal-muzyczny\/\" rel=\"bookmark\">Dowiedz si\u0119 wi\u0119cej &raquo;<span class=\"screen-reader-text\">XIV Dolno\u015bl\u0105ski Festiwal Muzyczny<\/span><\/a><\/div><\/li>\n<li><div class=\"wp-block-latest-posts__featured-image\"><a href=\"https:\/\/www.muzeum.klodzko.pl\/n\/wakacje-w-muzeum-2026\/\" aria-label=\"Wakacje w Muzeum 2026\"><img loading=\"lazy\" decoding=\"async\" width=\"1024\" height=\"536\" src=\"https:\/\/www.muzeum.klodzko.pl\/n\/wp-content\/uploads\/2026\/05\/wakacje2023-fb-1024x536.jpg\" class=\"attachment-large size-large wp-post-image\" alt=\"\" style=\"\" srcset=\"https:\/\/www.muzeum.klodzko.pl\/n\/wp-content\/uploads\/2026\/05\/wakacje2023-fb-1024x536.jpg 1024w, https:\/\/www.muzeum.klodzko.pl\/n\/wp-content\/uploads\/2026\/05\/wakacje2023-fb-300x157.jpg 300w, https:\/\/www.muzeum.klodzko.pl\/n\/wp-content\/uploads\/2026\/05\/wakacje2023-fb-150x79.jpg 150w, https:\/\/www.muzeum.klodzko.pl\/n\/wp-content\/uploads\/2026\/05\/wakacje2023-fb-768x402.jpg 768w, https:\/\/www.muzeum.klodzko.pl\/n\/wp-content\/uploads\/2026\/05\/wakacje2023-fb-1536x804.jpg 1536w, https:\/\/www.muzeum.klodzko.pl\/n\/wp-content\/uploads\/2026\/05\/wakacje2023-fb-2048x1072.jpg 2048w\" sizes=\"auto, (max-width: 1024px) 100vw, 1024px\" \/><\/a><\/div><a class=\"wp-block-latest-posts__post-title\" href=\"https:\/\/www.muzeum.klodzko.pl\/n\/wakacje-w-muzeum-2026\/\">Wakacje w Muzeum 2026<\/a><div class=\"wp-block-latest-posts__post-excerpt\">Wakacje w Muzeum Zapraszamy wszystkie dzieci na zaj\u0119cia wakacyjne, kt\u00f3re b\u0119d\u0105 odbywa\u0142y si\u0119 w naszym muzeum w \u015brody lipca i sierpnia 2026 w godzinach: 10.00-12.00. B\u0119d\u0105 to zabawy i warsztaty o&hellip;&nbsp;<a href=\"https:\/\/www.muzeum.klodzko.pl\/n\/wakacje-w-muzeum-2026\/\" rel=\"bookmark\">Dowiedz si\u0119 wi\u0119cej &raquo;<span class=\"screen-reader-text\">Wakacje w Muzeum 2026<\/span><\/a><\/div><\/li>\n<li><div class=\"wp-block-latest-posts__featured-image\"><a href=\"https:\/\/www.muzeum.klodzko.pl\/n\/targi-staroci-8-i-9-sierpnia-2026\/\" aria-label=\"Targi Staroci &#8211; 8 i 9 sierpnia 2026\"><img loading=\"lazy\" decoding=\"async\" width=\"1024\" height=\"536\" src=\"https:\/\/www.muzeum.klodzko.pl\/n\/wp-content\/uploads\/2026\/07\/Targi-Staroci-8-9-sierpnija-2026a-1024x536.jpg\" class=\"attachment-large size-large wp-post-image\" alt=\"\" style=\"\" srcset=\"https:\/\/www.muzeum.klodzko.pl\/n\/wp-content\/uploads\/2026\/07\/Targi-Staroci-8-9-sierpnija-2026a-1024x536.jpg 1024w, https:\/\/www.muzeum.klodzko.pl\/n\/wp-content\/uploads\/2026\/07\/Targi-Staroci-8-9-sierpnija-2026a-300x157.jpg 300w, https:\/\/www.muzeum.klodzko.pl\/n\/wp-content\/uploads\/2026\/07\/Targi-Staroci-8-9-sierpnija-2026a-150x79.jpg 150w, https:\/\/www.muzeum.klodzko.pl\/n\/wp-content\/uploads\/2026\/07\/Targi-Staroci-8-9-sierpnija-2026a-768x402.jpg 768w, https:\/\/www.muzeum.klodzko.pl\/n\/wp-content\/uploads\/2026\/07\/Targi-Staroci-8-9-sierpnija-2026a-1536x804.jpg 1536w, https:\/\/www.muzeum.klodzko.pl\/n\/wp-content\/uploads\/2026\/07\/Targi-Staroci-8-9-sierpnija-2026a.jpg 1800w\" sizes=\"auto, (max-width: 1024px) 100vw, 1024px\" \/><\/a><\/div><a class=\"wp-block-latest-posts__post-title\" href=\"https:\/\/www.muzeum.klodzko.pl\/n\/targi-staroci-8-i-9-sierpnia-2026\/\">Targi Staroci &#8211; 8 i 9 sierpnia 2026<\/a><div class=\"wp-block-latest-posts__post-excerpt\">Targi Staroci 8 i 9 sierpnia 2026 w godzinach 8:00 \u2013 16:00 zapraszamy mi\u0142o\u015bnik\u00f3w pi\u0119knych rzeczy na spacer wok\u00f3\u0142 Muzeum Ziemi K\u0142odzkiej, pobliskimi ulicami oraz na k\u0142odzki rynek. Na licznych stoiskach&hellip;&nbsp;<a href=\"https:\/\/www.muzeum.klodzko.pl\/n\/targi-staroci-8-i-9-sierpnia-2026\/\" rel=\"bookmark\">Dowiedz si\u0119 wi\u0119cej &raquo;<span class=\"screen-reader-text\">Targi Staroci &#8211; 8 i 9 sierpnia 2026<\/span><\/a><\/div><\/li>\n<li><div class=\"wp-block-latest-posts__featured-image\"><a href=\"https:\/\/www.muzeum.klodzko.pl\/n\/nocne-zwiedzanie-miasta-z-dreszczykiem-2026\/\" aria-label=\"NOCNE ZWIEDZANIE MIASTA Z DRESZCZYKIEM 2026\"><img loading=\"lazy\" decoding=\"async\" width=\"1024\" height=\"536\" src=\"https:\/\/www.muzeum.klodzko.pl\/n\/wp-content\/uploads\/2026\/06\/Nocne-zwiedzanie-2026-minii-1024x536.jpg\" class=\"attachment-large size-large wp-post-image\" alt=\"\" style=\"\" srcset=\"https:\/\/www.muzeum.klodzko.pl\/n\/wp-content\/uploads\/2026\/06\/Nocne-zwiedzanie-2026-minii-1024x536.jpg 1024w, https:\/\/www.muzeum.klodzko.pl\/n\/wp-content\/uploads\/2026\/06\/Nocne-zwiedzanie-2026-minii-300x157.jpg 300w, https:\/\/www.muzeum.klodzko.pl\/n\/wp-content\/uploads\/2026\/06\/Nocne-zwiedzanie-2026-minii-150x79.jpg 150w, https:\/\/www.muzeum.klodzko.pl\/n\/wp-content\/uploads\/2026\/06\/Nocne-zwiedzanie-2026-minii-768x402.jpg 768w, https:\/\/www.muzeum.klodzko.pl\/n\/wp-content\/uploads\/2026\/06\/Nocne-zwiedzanie-2026-minii-1536x804.jpg 1536w, https:\/\/www.muzeum.klodzko.pl\/n\/wp-content\/uploads\/2026\/06\/Nocne-zwiedzanie-2026-minii.jpg 1800w\" sizes=\"auto, (max-width: 1024px) 100vw, 1024px\" \/><\/a><\/div><a class=\"wp-block-latest-posts__post-title\" href=\"https:\/\/www.muzeum.klodzko.pl\/n\/nocne-zwiedzanie-miasta-z-dreszczykiem-2026\/\">NOCNE ZWIEDZANIE MIASTA Z DRESZCZYKIEM 2026<\/a><div class=\"wp-block-latest-posts__post-excerpt\">NOCNE ZWIEDZANIE MIASTA Z DRESZCZYKIEM 2026 &nbsp;K\u0142odzko w \u015brodku lata, czyli historie k\u0142odzkich hoteli, restauracji, zajazd\u00f3w i kawiarni cz. 1&nbsp; 7 sierpnia 2026 r.POCZ\u0104TEK godzina 20.30 plac W\u0142adys\u0142awa Jagie\u0142\u0142y 1(przy K\u0142odzkim&hellip;&nbsp;<a href=\"https:\/\/www.muzeum.klodzko.pl\/n\/nocne-zwiedzanie-miasta-z-dreszczykiem-2026\/\" rel=\"bookmark\">Dowiedz si\u0119 wi\u0119cej &raquo;<span class=\"screen-reader-text\">NOCNE ZWIEDZANIE MIASTA Z DRESZCZYKIEM 2026<\/span><\/a><\/div><\/li>\n<li><div class=\"wp-block-latest-posts__featured-image\"><a href=\"https:\/\/www.muzeum.klodzko.pl\/n\/koncert-fortepianowy-vasylisy-danylevskiej\/\" aria-label=\"Koncert fortepianowy Vasylisy Danylevskiej\"><img loading=\"lazy\" decoding=\"async\" width=\"1024\" height=\"536\" src=\"https:\/\/www.muzeum.klodzko.pl\/n\/wp-content\/uploads\/2026\/07\/Koncert-fortepianowy-Vasylisy-Danylevskiej-1024x536.jpg\" class=\"attachment-large size-large wp-post-image\" alt=\"\" style=\"\" srcset=\"https:\/\/www.muzeum.klodzko.pl\/n\/wp-content\/uploads\/2026\/07\/Koncert-fortepianowy-Vasylisy-Danylevskiej-1024x536.jpg 1024w, https:\/\/www.muzeum.klodzko.pl\/n\/wp-content\/uploads\/2026\/07\/Koncert-fortepianowy-Vasylisy-Danylevskiej-300x157.jpg 300w, https:\/\/www.muzeum.klodzko.pl\/n\/wp-content\/uploads\/2026\/07\/Koncert-fortepianowy-Vasylisy-Danylevskiej-150x79.jpg 150w, https:\/\/www.muzeum.klodzko.pl\/n\/wp-content\/uploads\/2026\/07\/Koncert-fortepianowy-Vasylisy-Danylevskiej-768x402.jpg 768w, https:\/\/www.muzeum.klodzko.pl\/n\/wp-content\/uploads\/2026\/07\/Koncert-fortepianowy-Vasylisy-Danylevskiej-1536x804.jpg 1536w, https:\/\/www.muzeum.klodzko.pl\/n\/wp-content\/uploads\/2026\/07\/Koncert-fortepianowy-Vasylisy-Danylevskiej.jpg 1800w\" sizes=\"auto, (max-width: 1024px) 100vw, 1024px\" \/><\/a><\/div><a class=\"wp-block-latest-posts__post-title\" href=\"https:\/\/www.muzeum.klodzko.pl\/n\/koncert-fortepianowy-vasylisy-danylevskiej\/\">Koncert fortepianowy Vasylisy Danylevskiej<\/a><div class=\"wp-block-latest-posts__post-excerpt\">Koncert fortepianowy Vasylisy Danylevskiej 30 lipca 2026, godzina 17.00 Muzeum Ziemi K\u0142odzkiej w K\u0142odzku ul. Ignacego \u0141ukasiewicza 4 Wst\u0119p wolny! Program: Fryderyk Chopin Ballada As-dur op. 47 Ludwig van Beethoven Sonata&hellip;&nbsp;<a href=\"https:\/\/www.muzeum.klodzko.pl\/n\/koncert-fortepianowy-vasylisy-danylevskiej\/\" rel=\"bookmark\">Dowiedz si\u0119 wi\u0119cej &raquo;<span class=\"screen-reader-text\">Koncert fortepianowy Vasylisy Danylevskiej<\/span><\/a><\/div><\/li>\n<li><div class=\"wp-block-latest-posts__featured-image\"><a href=\"https:\/\/www.muzeum.klodzko.pl\/n\/vi-fiesta-flamenco\/\" aria-label=\"VI FIESTA FLAMENCO\"><img loading=\"lazy\" decoding=\"async\" width=\"1024\" height=\"683\" src=\"https:\/\/www.muzeum.klodzko.pl\/n\/wp-content\/uploads\/2026\/06\/IMG-20260618-WA0003-1024x683.jpg\" class=\"attachment-large size-large wp-post-image\" alt=\"\" style=\"\" srcset=\"https:\/\/www.muzeum.klodzko.pl\/n\/wp-content\/uploads\/2026\/06\/IMG-20260618-WA0003-1024x683.jpg 1024w, https:\/\/www.muzeum.klodzko.pl\/n\/wp-content\/uploads\/2026\/06\/IMG-20260618-WA0003-300x200.jpg 300w, https:\/\/www.muzeum.klodzko.pl\/n\/wp-content\/uploads\/2026\/06\/IMG-20260618-WA0003-150x100.jpg 150w, https:\/\/www.muzeum.klodzko.pl\/n\/wp-content\/uploads\/2026\/06\/IMG-20260618-WA0003-768x512.jpg 768w, https:\/\/www.muzeum.klodzko.pl\/n\/wp-content\/uploads\/2026\/06\/IMG-20260618-WA0003-1536x1024.jpg 1536w, https:\/\/www.muzeum.klodzko.pl\/n\/wp-content\/uploads\/2026\/06\/IMG-20260618-WA0003-930x620.jpg 930w, https:\/\/www.muzeum.klodzko.pl\/n\/wp-content\/uploads\/2026\/06\/IMG-20260618-WA0003.jpg 2048w\" sizes=\"auto, (max-width: 1024px) 100vw, 1024px\" \/><\/a><\/div><a class=\"wp-block-latest-posts__post-title\" href=\"https:\/\/www.muzeum.klodzko.pl\/n\/vi-fiesta-flamenco\/\">VI FIESTA FLAMENCO<\/a><div class=\"wp-block-latest-posts__post-excerpt\">VI FIESTA FLAMENCO w Muzeum Ziemi K\u0142odzkiej Jak co roku podsumowaniem wsp\u00f3lnej pracy uczennic i instruktorki grupy \u201eLa Chiribita\u201d jest pokaz fina\u0142owy w postaci spektaklu tanecznego Viva Andaluc\u00eda! Dziedziniec muzeum wype\u0142ni\u0105&hellip;&nbsp;<a href=\"https:\/\/www.muzeum.klodzko.pl\/n\/vi-fiesta-flamenco\/\" rel=\"bookmark\">Dowiedz si\u0119 wi\u0119cej &raquo;<span class=\"screen-reader-text\">VI FIESTA FLAMENCO<\/span><\/a><\/div><\/li>\n<\/ul>\n\n\n<div style=\"height:40px\" aria-hidden=\"true\" class=\"wp-block-spacer\"><\/div>\n\n\n\n<div style=\"height:40px\" aria-hidden=\"true\" class=\"wp-block-spacer\"><\/div>\n","protected":false},"excerpt":{"rendered":"<p>Wydarzenia<\/p>\n","protected":false},"author":1,"featured_media":72,"parent":0,"menu_order":0,"comment_status":"closed","ping_status":"closed","template":"","meta":{"neve_meta_sidebar":"","neve_meta_container":"default","neve_meta_enable_content_width":"","neve_meta_content_width":0,"neve_meta_title_alignment":"","neve_meta_author_avatar":"","neve_post_elements_order":"","neve_meta_disable_header":"","neve_meta_disable_footer":"","neve_meta_disable_title":"","footnotes":""},"class_list":["post-8","page","type-page","status-publish","has-post-thumbnail","hentry"],"_links":{"self":[{"href":"https:\/\/www.muzeum.klodzko.pl\/n\/wp-json\/wp\/v2\/pages\/8","targetHints":{"allow":["GET"]}}],"collection":[{"href":"https:\/\/www.muzeum.klodzko.pl\/n\/wp-json\/wp\/v2\/pages"}],"about":[{"href":"https:\/\/www.muzeum.klodzko.pl\/n\/wp-json\/wp\/v2\/types\/page"}],"author":[{"embeddable":true,"href":"https:\/\/www.muzeum.klodzko.pl\/n\/wp-json\/wp\/v2\/users\/1"}],"replies":[{"embeddable":true,"href":"https:\/\/www.muzeum.klodzko.pl\/n\/wp-json\/wp\/v2\/comments?post=8"}],"version-history":[{"count":39,"href":"https:\/\/www.muzeum.klodzko.pl\/n\/wp-json\/wp\/v2\/pages\/8\/revisions"}],"predecessor-version":[{"id":4568,"href":"https:\/\/www.muzeum.klodzko.pl\/n\/wp-json\/wp\/v2\/pages\/8\/revisions\/4568"}],"wp:featuredmedia":[{"embeddable":true,"href":"https:\/\/www.muzeum.klodzko.pl\/n\/wp-json\/wp\/v2\/media\/72"}],"wp:attachment":[{"href":"https:\/\/www.muzeum.klodzko.pl\/n\/wp-json\/wp\/v2\/media?parent=8"}],"curies":[{"name":"wp","href":"https:\/\/api.w.org\/{rel}","templated":true}]}}