{"id":854,"date":"2025-04-03T10:19:22","date_gmt":"2025-04-03T08:19:22","guid":{"rendered":"https:\/\/www.muzeum.klodzko.pl\/n\/?page_id=854"},"modified":"2025-04-03T10:19:22","modified_gmt":"2025-04-03T08:19:22","slug":"zeszyty-muzeum-ziemi-klodzkiej-nr-12","status":"publish","type":"page","link":"https:\/\/www.muzeum.klodzko.pl\/n\/nasze-publikacje-2\/zeszyty-muzeum-ziemi-klodzkiej\/zeszyty-muzeum-ziemi-klodzkiej-nr-12\/","title":{"rendered":"Zeszyty Muzeum Ziemi K\u0142odzkiej nr 12"},"content":{"rendered":"\n<p><strong>Zeszyty Muzeum Ziemi K\u0142odzkiej nr 12,<\/strong><br>red. <strong>Irena Klimaszewska<\/strong>, K\u0142odzko: Muzeum Ziemi K\u0142odzkiej, 2013, ss. 284., <\/p>\n\n\n\n<p>cena: 28 z\u0142<\/p>\n\n\n\n<p>Mi\u0142o nam poinformowa\u0107, \u017ce ukaza\u0142 si\u0119 12. tom znanego muzealnego periodyku, w kt\u00f3rym dominuje problematyka historyczna regionu k\u0142odzkiego, a zawarto\u015b\u0107 tradycyjnie zosta\u0142a podzielona na nast\u0119puj\u0105ce bloki: Artyku\u0142y; Dokumenty i materia\u0142y; Recenzje, om\u00f3wienia, polemiki; Kronika; Nekrologi.<\/p>\n\n\n\n<p>Chc\u0105c uczci\u0107 przypadaj\u0105cy w 2013 r. jubileusz 50-lecia muzeum w K\u0142odzku postanowili\u015bmy \u201ezmodyfikowa\u0107\u201d nieco ok\u0142adk\u0119 pisma,&nbsp; a na pierwszych stronach periodyku zmie\u015bci\u0107 artyku\u0142y po\u015bwi\u0119cone naszej plac\u00f3wce. Poni\u017cej kr\u00f3tka prezentacja zawartego w tomie materia\u0142u.<\/p>\n\n\n\n<p>WST\u0118P<\/p>\n\n\n\n<p>Irena Klimaszewska \u2013 <strong><em>Muzeum Ziemi K\u0142odzkiej 1963-2013. 50 lat dla regionu<\/em><\/strong><\/p>\n\n\n\n<p>ARTYKU\u0141Y<\/p>\n\n\n\n<p>Irena Klimaszewska \u2013 <strong><em>Temat muzeum w K\u0142odzku na \u0142amach prasy z lat 1950-1987. Przyczynek do historii<\/em><\/strong><em> <strong>plac\u00f3wki <\/strong>\u2013<\/em> analiza funkcjonowania tematu muzeum na \u0142amach prasy dolno\u015bl\u0105skiej, powsta\u0142a m.in. w celu&nbsp; znalezienia odpowiedzi na pytania \u2013 jakim echem odbi\u0142y si\u0119 w materia\u0142ach prasowych sprzed lat zwi\u0105zane z muzeum dzia\u0142ania, jak postrzegano i oceniano plac\u00f3wk\u0119, czy spe\u0142nia\u0142a oczekiwania \u015brodowiska, kt\u00f3re d\u0142ugo upomina\u0142o si\u0119 o jej powstanie?<\/p>\n\n\n\n<p>Andrzej Behan \u2013<strong> <em>Gospodarka i \u017cycie mieszka\u0144c\u00f3w Nowej Rudy za czas\u00f3w&nbsp; rodziny von Donyn<\/em><\/strong><em> <strong>(1352-1472) <\/strong><\/em>\u2013 dzi\u0119ki analizie opracowa\u0144 J. K\u00f6glera i J. Wittiga przedstawiono dzieje rodu, kt\u00f3rego trwaj\u0105ce 120 lat panowanie nad dobrami noworudzkimi doprowadzi\u0142o do znacznego rozwoju gospodarczego tego rejonu.<\/p>\n\n\n\n<p>Daniel Wojtucki \u2013 &nbsp;<strong><em>Szubienica i pr\u0119gierz \u2013 urz\u0105dzenia penitencjarne na ziemi k\u0142odzkiej&nbsp; w okresie nowo\u017cytnym<\/em><\/strong> \u2013 autor przedstawia kwestie dotycz\u0105ce powstania i funkcjonowania obiekt\u00f3w dawnego prawodawstwa w regionie k\u0142odzkim, jak np. pozyskanie przez dany o\u015brodek stosownych dokument\u00f3w dopuszczaj\u0105cych budow\u0119 urz\u0105dze\u0144 penitencjarnych, koszty zwi\u0105zane z ich wystawieniem czy remontem.<\/p>\n\n\n\n<p>Grzegorz Pisarski \u2013 <strong><em>Studenci pochodz\u0105cy ze wsi ziemi k\u0142odzkiej na Kr\u00f3lewskim \u015al\u0105skim Uniwersytecie im. Fryderyka Wilhelma we Wroc\u0142awiu w latach 1880-1920. <\/em>Cz. 1<em> Stan na trzy semestry roku 1880<\/em><\/strong> \u2013 autor, kt\u00f3ry od pewnego ju\u017c czasu na \u0142amach prasy i periodyk\u00f3w regionalnych prezentuje sylwetki student\u00f3w z ziemi k\u0142odzkiej studiuj\u0105cych na Uniwersytecie we Wroc\u0142awiu w XIX i pierwszej po\u0142owie XX w., tym razem &nbsp;koncentruje si\u0119 na absolwentach pochodz\u0105cych z takich wsi K\u0142odzczyzny, jak m.in. Domaszk\u00f3w, Drogos\u0142aw, Dzikowiec, Ludwikowice K\u0142odzkie, Mielnik, O\u0142drzychowice K\u0142odzkie, Wojb\u00f3rz.<\/p>\n\n\n\n<p>Joanna Stoklasek-Michalak \u2013 <strong><em>Zworniki na sklepieniach przedsionka, naw bocznych i kaplicy \u015bw. Jakuba ko\u015bcio\u0142a pw. Wniebowzi\u0119cia Naj\u015bwi\u0119tszej Marii Panny w K\u0142odzku. Przyczynek do dalszych bada\u0144<\/em><\/strong> \u2013 pierwsza w historii prezentacja p\u00f3\u017anogotyckich zwornik\u00f3w z ko\u015bcio\u0142a pw. NMP w K\u0142odzku. Autorka zainspirowana wykonanymi przez Tomasza Gmerka fotografiami zwornik\u00f3w zdobi\u0105cych sklepienia \u015bwi\u0105tyni podj\u0119\u0142a si\u0119 trudnego zadania ich identyfikacji.<\/p>\n\n\n\n<p>Piotr Sroka \u2013<strong> <em>Browarnictwo na ziemi k\u0142odzkiej w latach 1945-1950 <\/em><\/strong>\u2013 opracowanie dokonane w oparciu o materia\u0142y archiwalne, po\u015bwi\u0119cone historii browarnictwa na ziemi k\u0142odzkiej, w okresie kluczowym dla najnowszych dziej\u00f3w piwowarstwa na tym obszarze, tj. kilku lat od zako\u0144czenia drugiej wojny \u015bwiatowej.<\/p>\n\n\n\n<p>MATERIA\u0141Y I DOKUMENTY<\/p>\n\n\n\n<p>Krystyna Oniszczuk-Awi\u017ce\u0144 \u2013 <strong><em>Walory ikonograficzne papierowych pieni\u0119dzy zast\u0119pczych z lat 1918-1921 w zbiorach Muzeum Ziemi K\u0142odzkiej<\/em><\/strong> \u2013 om\u00f3wienie zespo\u0142u papierowych pieni\u0119dzy zast\u0119pczych, edytowanych na terenie ziemi k\u0142odzkiej (w Bardzie, Dusznikach, K\u0142odzku, Kudowie, L\u0105dku, Lewinie, Mi\u0119dzylesiu, Polanicy i Stroniu \u015al\u0105skim), b\u0119d\u0105cych ze wzgl\u0119du na bogactwo tre\u015bci i szaty graficznej cennym \u017ar\u00f3d\u0142em historycznym.<\/p>\n\n\n\n<p>Joanna Stoklasek-Michalak \u2013 <strong><em>Grafiki Zdzis\u0142awa Milacha w zbiorach Muzeum Ziemi K\u0142odzkiej. Komunikat<\/em><\/strong> \u2013 informacja o zbiorze grafik, urodzonego w K\u0142odzku plastyka, kt\u00f3rych liczba znacznie powi\u0119kszy\u0142a si\u0119 wraz z pozyskaniem w ostatnich latach przez muzeum kilkudziesi\u0119ciu kolejnych prac artysty.<\/p>\n\n\n\n<p>Piotr Piluk <em>\u2013 <strong>&nbsp;Sprawy K\u0142odzkiego Oddzia\u0142u<\/strong><\/em> <strong><em>Towarzystwa Spo\u0142eczno-Kulturalnego \u017byd\u00f3w w Polsce (1950-1978) w dokumentacji Zarz\u0105du G\u0142\u00f3wnego w Warszawie. Rekonesans tematyczny<\/em><\/strong> \u2013 &nbsp;autor, na podstawie wybranych zapis\u00f3w znajduj\u0105cych si\u0119 w protoko\u0142ach z posiedze\u0144 naczelnych w\u0142adz TSK\u017b, jak te\u017c relacji w prasie \u017cydowskiej, podj\u0105\u0142 pr\u00f3b\u0119 stworzenia obrazu dzia\u0142alno\u015bci oddzia\u0142u TSK\u017b w K\u0142odzku.<\/p>\n\n\n\n<p>Andrzej Prasa\u0142 \u2013 <strong><em>Zbi\u00f3r Orgel-Meldebogen 1943-1945<\/em><\/strong> <strong><em>z Archiwum Jezuickiego w K\u0142odzku<\/em><\/strong> \u2013 dzi\u0119ki nieustaj\u0105cym badaniom autora nad dziejami muzyki organowej, otrzymali\u015bmy informacj\u0119 o dokumencie dostarczaj\u0105cym cennych wiadomo\u015bci na temat&nbsp; 109. organ\u00f3w z ko\u015bcio\u0142\u00f3w katolickich K\u0142odzczyzny.<\/p>\n\n\n\n<p>RECENZJE. OM\u00d3WIENIA. POLEMIKI<\/p>\n\n\n\n<p>Ma\u0142gorzata Ruchniewicz \u2013 recenzje \u201e<strong>Rocznik\u00f3w Muzeum Papiernictwa<\/strong>\u201d (R.1-6), wydawanych od 2008 r. przez muzeum w Dusznikach-Zdroju oraz ksi\u0105\u017cki <strong>A. Prasa\u0142a, <em>Organy w ko\u015bcio\u0142ach dekanatu Bystrzyca K\u0142odzka<\/em><\/strong><em>, <\/em>kt\u00f3ra ukaza\u0142a si\u0119 w 2013 r.<\/p>\n\n\n\n<p>Tomasz Przerwa \u2013 recenzja, wydanej w 2012 r. w M\u00fcnster, obszernej pracy pt. <strong><em>Die Grafschaft Glatz zwischen 1918-1946. Beitr<\/em><\/strong><strong><em>\u00e4<\/em><\/strong><strong><em>ge <\/em><\/strong><strong><em>\u00fc<\/em><\/strong><strong><em>ber eine schlesische Kulturlandschaft. Festschrift f<\/em><\/strong><strong><em>\u00fc<\/em><\/strong><strong><em>r Franz Jung zum 75. Geburtstag.<\/em><\/strong><\/p>\n\n\n\n<p>Gra\u017cyna Szpulak \u2013 &nbsp;<strong><em>Jan Kulka \u2013 \u017cycie i tw\u00f3rczo\u015b\u0107 (1937-2000). Biobibliografia <\/em><\/strong><em>\u2013<\/em> bibliografia podmiotowa zawiera wszelkie teksty autorstwa J. Kulki (publikowane, niepublikowane, domniemane), bibliografia przedmiotowa materia\u0142y po\u015bwi\u0119cone temu cenionemu poecie zawarte w publikacjach zwartych, dokumentach niepublikowanych, wydawnictwach ci\u0105g\u0142ych i czasopismach.<\/p>\n\n\n\n<p>Irena Klimaszewska &nbsp;\u2013 <strong><em>Przegl\u0105d<\/em><\/strong> <strong><em>publikacji regionalnych z lat 2011-2012<\/em><\/strong><\/p>\n\n\n\n<p>Tomasz Przerwa, Grzegorz Pisarski \u2013 <strong>kontynuacja polemiki<\/strong>, zapocz\u0105tkowanej w tomie 11. \u201eZeszyt\u00f3w Muzeum Ziemi K\u0142odzkiej\u201d przez T. Przerw\u0119, w zwi\u0105zku z artyku\u0142em G. Pisarskiego pt. <em>Komendanci twierdzy srebrnog\u00f3rskiej<\/em>, zamieszczonym w \u201eZeszytach Muzeum Ziemi K\u0142odzkiej\u201d nr 10.<\/p>\n\n\n\n<p>KRONIKA<\/p>\n\n\n\n<p>Barbara Frydrych \u2013 &nbsp;<strong><em>Sprawozdanie z dzia\u0142alno\u015b\u0107 Muzeum Ziemi K\u0142odzkiej za lata 2011-2012<\/em><\/strong><\/p>\n\n\n\n<p>NEKROLOGI<\/p>\n\n\n\n<p><strong>Miros\u0142aw Przy\u0142\u0119cki<\/strong>, 1931-2011&nbsp; (oprac. Krystyna Toczy\u0144ska-Rudysz), <strong>Zofia Tabaka<\/strong>, 1926-2012 (oprac. Lucyna \u015awist), <strong>Andrzej Ropelewski<\/strong>, 1923-2012 (oprac. Krystyna Oniszczuk-Awi\u017ce\u0144), <strong>Stanis\u0142aw Szczypka<\/strong>, 1936-2013 (oprac. Iwona Mokrzanowska)<\/p>\n\n\n\n<p>Red. Irena Klimaszewska. K\u0142odzko 2013, ss. 283, 17\u00d724 cm.<\/p>\n","protected":false},"excerpt":{"rendered":"<p>Zeszyty Muzeum Ziemi K\u0142odzkiej nr 12,red. Irena Klimaszewska, K\u0142odzko: Muzeum Ziemi K\u0142odzkiej, 2013, ss. 284., cena: 28 z\u0142 Mi\u0142o nam poinformowa\u0107, \u017ce ukaza\u0142 si\u0119 12. tom znanego muzealnego periodyku, w kt\u00f3rym dominuje problematyka historyczna regionu k\u0142odzkiego, a zawarto\u015b\u0107 tradycyjnie zosta\u0142a podzielona na nast\u0119puj\u0105ce bloki: Artyku\u0142y; Dokumenty i materia\u0142y; Recenzje, om\u00f3wienia, polemiki; Kronika; Nekrologi. Chc\u0105c uczci\u0107&hellip;&nbsp;<a href=\"https:\/\/www.muzeum.klodzko.pl\/n\/nasze-publikacje-2\/zeszyty-muzeum-ziemi-klodzkiej\/zeszyty-muzeum-ziemi-klodzkiej-nr-12\/\" rel=\"bookmark\">Dowiedz si\u0119 wi\u0119cej &raquo;<span class=\"screen-reader-text\">Zeszyty Muzeum Ziemi K\u0142odzkiej nr 12<\/span><\/a><\/p>\n","protected":false},"author":3,"featured_media":0,"parent":840,"menu_order":0,"comment_status":"closed","ping_status":"closed","template":"","meta":{"neve_meta_sidebar":"","neve_meta_container":"","neve_meta_enable_content_width":"","neve_meta_content_width":0,"neve_meta_title_alignment":"","neve_meta_author_avatar":"","neve_post_elements_order":"","neve_meta_disable_header":"","neve_meta_disable_footer":"","neve_meta_disable_title":"","footnotes":""},"class_list":["post-854","page","type-page","status-publish","hentry"],"_links":{"self":[{"href":"https:\/\/www.muzeum.klodzko.pl\/n\/wp-json\/wp\/v2\/pages\/854","targetHints":{"allow":["GET"]}}],"collection":[{"href":"https:\/\/www.muzeum.klodzko.pl\/n\/wp-json\/wp\/v2\/pages"}],"about":[{"href":"https:\/\/www.muzeum.klodzko.pl\/n\/wp-json\/wp\/v2\/types\/page"}],"author":[{"embeddable":true,"href":"https:\/\/www.muzeum.klodzko.pl\/n\/wp-json\/wp\/v2\/users\/3"}],"replies":[{"embeddable":true,"href":"https:\/\/www.muzeum.klodzko.pl\/n\/wp-json\/wp\/v2\/comments?post=854"}],"version-history":[{"count":1,"href":"https:\/\/www.muzeum.klodzko.pl\/n\/wp-json\/wp\/v2\/pages\/854\/revisions"}],"predecessor-version":[{"id":855,"href":"https:\/\/www.muzeum.klodzko.pl\/n\/wp-json\/wp\/v2\/pages\/854\/revisions\/855"}],"up":[{"embeddable":true,"href":"https:\/\/www.muzeum.klodzko.pl\/n\/wp-json\/wp\/v2\/pages\/840"}],"wp:attachment":[{"href":"https:\/\/www.muzeum.klodzko.pl\/n\/wp-json\/wp\/v2\/media?parent=854"}],"curies":[{"name":"wp","href":"https:\/\/api.w.org\/{rel}","templated":true}]}}