{"id":857,"date":"2025-04-03T10:22:25","date_gmt":"2025-04-03T08:22:25","guid":{"rendered":"https:\/\/www.muzeum.klodzko.pl\/n\/?page_id=857"},"modified":"2025-04-03T10:22:26","modified_gmt":"2025-04-03T08:22:26","slug":"zeszyty-muzeum-ziemi-klodzkiej-nr-11","status":"publish","type":"page","link":"https:\/\/www.muzeum.klodzko.pl\/n\/nasze-publikacje-2\/zeszyty-muzeum-ziemi-klodzkiej\/zeszyty-muzeum-ziemi-klodzkiej-nr-11\/","title":{"rendered":"Zeszyty Muzeum Ziemi K\u0142odzkiej nr 11"},"content":{"rendered":"\n<p><strong>Zeszyty Muzeum Ziemi K\u0142odzkiej nr 11, <\/strong><br>Red. <strong>Irena Klimaszewska<\/strong>. K\u0142odzko 2011, s. 287, 17\u00d724 cm<strong>.<\/strong><\/p>\n\n\n\n<p>cena: 28 z\u0142<\/p>\n\n\n\n<p>Zainteresowanych dziejami K\u0142odzczyny pragniemy zawiadomi\u0107, \u017ce w\u0142a\u015bnie ukaza\u0142 si\u0119 kolejny, 11. numer \u201eZeszyt\u00f3w\u201d. Jak s\u0105dzimy b\u0119dzie on ciekaw\u0105 lektur\u0105, zawiera bowiem materia\u0142 b\u0119d\u0105cy efektem prac badawczych nad dziejami K\u0142odzczyzny, poruszaj\u0105cy&nbsp; tematy, kt\u00f3rych brak w literaturze polskoj\u0119zycznej dotycz\u0105cej regionu k\u0142odzkiego by\u0142 bardzo wyra\u017any.<\/p>\n\n\n\n<p>&nbsp; &nbsp;&nbsp;&nbsp;Oto w artykule <strong>Mieczys\u0142awy Chmielewskiej<\/strong>pt.<em> <strong>\u015aredniowieczne instrumenty notarialne notariuszy publicznych zwi\u0105zanych z K\u0142odzkiem (1395-1511)<\/strong> <\/em>przeczytamyo notariuszach, \u015bwiadcz\u0105cych swe us\u0142ugi tutejszym instytucjom ko\u015bcielnym i miejscowej ludno\u015bci, i o sposobie uwierzytelnienia przez nich dokument\u00f3w, w postaci tzw. <em>signum notariale<\/em>.<\/p>\n\n\n\n<p><strong>Daniel Wojtucki<\/strong>, autor artyku\u0142u pt. <strong><em>Rzemios\u0142o katowskie w nowo\u017cytnym K\u0142odzku, <\/em><\/strong>przygotowa\u0142 natomiast arcyciekawy materia\u0142 o k\u0142odzkich katach. Dzi\u0119ki archiwalnym penetracjom autora poznajemy przedstawicieli rod\u00f3w katowskich, kt\u00f3rzy s\u0142u\u017cyli wymiarowi sprawiedliwo\u015bci wype\u0142niaj\u0105c orzeczenia miejscowych s\u0105d\u00f3w, dbali&nbsp; o higien\u0119 w mie\u015bcie,&nbsp; \u015bwiadczyli te\u017c podstawowe us\u0142ugi medyczne.<\/p>\n\n\n\n<p>Kolejny artyku\u0142, pi\u00f3ra<strong> Arkadiusza Wojty\u0142y,<\/strong> pt. <strong><em>K\u0142odzki ko\u015bci\u00f3\u0142 Franciszkan\u00f3w-Reformat\u00f3w i jego dobrodzieje w \u015bwietle kroniki konwentu<\/em> <\/strong>prezentuje, opieraj\u0105c si\u0119 na zachowanej do naszych czas\u00f3w kronice zakonnej, liczne fundacje artystyczne wewn\u0105trz i na zewn\u0105trz ko\u015bcio\u0142a i klasztoru, po kt\u00f3rych ca\u0142kowicie ju\u017c dzisiaj znikn\u0105\u0142 \u015blad. &nbsp;&nbsp;&nbsp;&nbsp;&nbsp;&nbsp;&nbsp;&nbsp;&nbsp;&nbsp;&nbsp;&nbsp;&nbsp;&nbsp;&nbsp;<\/p>\n\n\n\n<p>&nbsp;&nbsp;&nbsp;&nbsp;&nbsp;&nbsp; O reformie katolickiej muzyki ko\u015bcielnej, kt\u00f3ra rozpocz\u0119\u0142a si\u0119 w II po\u0142owie XIX w. i jej wp\u0142ywie na liturgi\u0119 w ko\u015bcio\u0142ach K\u0142odzczyzny przeczytamy dzi\u0119ki <strong>Andrzejowi Prasa\u0142owi<\/strong>, kt\u00f3ry w artykule pt<strong>. <em>Z dziej\u00f3w cecylianizmu w hrabstwie k\u0142odzkim<\/em><\/strong> zagadnienie to obszernie om\u00f3wi\u0142, przedstawiaj\u0105c m.in. cele, organizacj\u0119 i dzia\u0142anie, powsta\u0142ego w 1873 r., Stowarzyszenia Cecylia\u0144skiego Hrabstwa K\u0142odzkiego.<\/p>\n\n\n\n<p>&nbsp;&nbsp;&nbsp;&nbsp;&nbsp; &nbsp;&nbsp;O tym, \u017ce od 1862 do 1924 r. w L\u0105dku-Zdroju mie\u015bci\u0142 si\u0119 warsztat budowy i modernizacji organ\u00f3w piszcza\u0142kowych, za\u0142o\u017cony przez Josepha Luxa, dowiemy si\u0119 po przeczytaniu artyku\u0142u &nbsp;<strong>Macieja Batora<\/strong>. Jak si\u0119 okazuje Joseph Lux, jak i jego syn Franz s\u0105 wykonawcami znakomitej jako\u015bci i trwa\u0142o\u015bci organ\u00f3w, kt\u00f3re zachowa\u0142y si\u0119 w wielu ko\u015bcio\u0142ach K\u0142odzczyzny i do dzi\u015b s\u0142u\u017c\u0105 liturgii. &nbsp;Dalej &nbsp;<strong>Przemys\u0142aw Dominas <\/strong>opowiada o Gustawie Baugmarcie, kt\u00f3ry w latach 1867-1890 pe\u0142ni\u0142 w K\u0142odzku funkcj\u0119 powiatowego inspektora budowlanego, nadzoruj\u0105c m.in. budow\u0119 gmach\u00f3w s\u0105du w K\u0142odzku i Nowej Rudzie, a przyczynek <strong>Anny Franczukowskiej<\/strong> informuje o strojach noszonych przez mieszka\u0144c\u00f3w hrabstwa k\u0142odzkiego w II po\u0142owie XIX w. &nbsp;&nbsp;&nbsp;&nbsp;<\/p>\n\n\n\n<p>Z kolei w materiale <strong>Piotra Sroki <\/strong>przeczytamy o wczasach pracowniczych na ziemi k\u0142odzkiej w latach 40. i 50. XX wieku, scentralizowanych pod szyldem FWP, a nast\u0119pny w kolejno\u015bci artyku\u0142 \u2013 <strong>\u0141ukasza Kasprzaka<\/strong> przypomni, jak&nbsp; wygl\u0105da\u0142o&nbsp; \u017cycie gospodarcze Krosnowic w pierwszym dziesi\u0119cioleciu po zako\u0144czeniu II wojny \u015bwiatowej.&nbsp;<\/p>\n\n\n\n<p>&nbsp;&nbsp;&nbsp; &nbsp;W prezentowanym tomie mo\u017cemy r\u00f3wnie\u017c zapozna\u0107 si\u0119 z&nbsp; odnalezionym w zasobie archiwum jezuickiego w Krakowie, najprawdopodobniej pochodz\u0105cym z K\u0142odzka, rysunkiem niezrealizowanego pomnika<em>,<\/em> maj\u0105cego upami\u0119tni\u0107 posta\u0107 zmar\u0142ego genera\u0142a Towarzystwa Jezusowego \u2013 Goswina Nickela, o czym informuje &nbsp;<strong>Dariusz Galewski<\/strong>, a&nbsp; tym, kt\u00f3rzy szukaj\u0105 informacji o nowo\u015bciach regionalnych, z pewno\u015bci\u0105 u\u0142atwi to, sporz\u0105dzona przez <strong>Iren\u0119 Klimaszewsk\u0105<\/strong>,kr\u00f3tka prezentacja wydanych w latach 2009-2010 publikacji.<\/p>\n\n\n\n<p>&nbsp;&nbsp;&nbsp; W dziale \u201eRecenzje. Om\u00f3wienia. Polemiki\u201d znajdziemy te\u017c opini\u0119 <strong>Grzegorza Pisarskiego <\/strong>na temat, wydanej w 2010 r., publikacji Waldemara Brygiera i Tomasza Dudziaka pt. <em>Ziemia K\u0142odzka. Przewodnik dla prawdziwego turysty <\/em>oraz <strong>Grzegorza Garbicza<\/strong> i <strong>Krzysztofa Mazurskiego <\/strong>na temat &nbsp;wydawanych w latach 1947-2006 przewodnik\u00f3w turystycznych, przeanalizowanych przez autor\u00f3w pod k\u0105tem&nbsp; znajduj\u0105cych si\u0119 w nich tre\u015bci dotycz\u0105cych K\u0142odzka. W tej cz\u0119\u015bci tomu znalaz\u0142 si\u0119 te\u017c artyku\u0142 polemiczny <strong>Tomasza Przerwy<\/strong> do, zamieszczonego w poprzednim 10. numerze \u201eZeszyt\u00f3w\u201d, artyku\u0142u Grzegorza Pisarskiego na temat komendant\u00f3w twierdzy srebrnog\u00f3rskiej oraz odpowied\u017a Grzegorza Pisarskiego na t\u0119 recenzj\u0119.<\/p>\n\n\n\n<p>&nbsp;&nbsp;&nbsp; &nbsp;&nbsp;Tradycyjnie na koniec periodyku zamieszczono obszerne, opracowane przez <strong>Barbar\u0119 Frydrych<\/strong>, sprawozdanie z dokona\u0144 Muzeum Ziemi K\u0142odzkiej za lata 2009-2010, a w dziale \u201eNekrologi\u201d przypomniano sylwetki znanych i zas\u0142u\u017conych dla ziemi k\u0142odzkiej os\u00f3b, kt\u00f3re po\u017cegnali\u015bmy w ostatnim czasie.<\/p>\n","protected":false},"excerpt":{"rendered":"<p>Zeszyty Muzeum Ziemi K\u0142odzkiej nr 11, Red. Irena Klimaszewska. K\u0142odzko 2011, s. 287, 17\u00d724 cm. cena: 28 z\u0142 Zainteresowanych dziejami K\u0142odzczyny pragniemy zawiadomi\u0107, \u017ce w\u0142a\u015bnie ukaza\u0142 si\u0119 kolejny, 11. numer \u201eZeszyt\u00f3w\u201d. Jak s\u0105dzimy b\u0119dzie on ciekaw\u0105 lektur\u0105, zawiera bowiem materia\u0142 b\u0119d\u0105cy efektem prac badawczych nad dziejami K\u0142odzczyzny, poruszaj\u0105cy&nbsp; tematy, kt\u00f3rych brak w literaturze polskoj\u0119zycznej dotycz\u0105cej&hellip;&nbsp;<a href=\"https:\/\/www.muzeum.klodzko.pl\/n\/nasze-publikacje-2\/zeszyty-muzeum-ziemi-klodzkiej\/zeszyty-muzeum-ziemi-klodzkiej-nr-11\/\" rel=\"bookmark\">Dowiedz si\u0119 wi\u0119cej &raquo;<span class=\"screen-reader-text\">Zeszyty Muzeum Ziemi K\u0142odzkiej nr 11<\/span><\/a><\/p>\n","protected":false},"author":3,"featured_media":0,"parent":840,"menu_order":0,"comment_status":"closed","ping_status":"closed","template":"","meta":{"neve_meta_sidebar":"","neve_meta_container":"","neve_meta_enable_content_width":"","neve_meta_content_width":0,"neve_meta_title_alignment":"","neve_meta_author_avatar":"","neve_post_elements_order":"","neve_meta_disable_header":"","neve_meta_disable_footer":"","neve_meta_disable_title":"","footnotes":""},"class_list":["post-857","page","type-page","status-publish","hentry"],"_links":{"self":[{"href":"https:\/\/www.muzeum.klodzko.pl\/n\/wp-json\/wp\/v2\/pages\/857","targetHints":{"allow":["GET"]}}],"collection":[{"href":"https:\/\/www.muzeum.klodzko.pl\/n\/wp-json\/wp\/v2\/pages"}],"about":[{"href":"https:\/\/www.muzeum.klodzko.pl\/n\/wp-json\/wp\/v2\/types\/page"}],"author":[{"embeddable":true,"href":"https:\/\/www.muzeum.klodzko.pl\/n\/wp-json\/wp\/v2\/users\/3"}],"replies":[{"embeddable":true,"href":"https:\/\/www.muzeum.klodzko.pl\/n\/wp-json\/wp\/v2\/comments?post=857"}],"version-history":[{"count":1,"href":"https:\/\/www.muzeum.klodzko.pl\/n\/wp-json\/wp\/v2\/pages\/857\/revisions"}],"predecessor-version":[{"id":858,"href":"https:\/\/www.muzeum.klodzko.pl\/n\/wp-json\/wp\/v2\/pages\/857\/revisions\/858"}],"up":[{"embeddable":true,"href":"https:\/\/www.muzeum.klodzko.pl\/n\/wp-json\/wp\/v2\/pages\/840"}],"wp:attachment":[{"href":"https:\/\/www.muzeum.klodzko.pl\/n\/wp-json\/wp\/v2\/media?parent=857"}],"curies":[{"name":"wp","href":"https:\/\/api.w.org\/{rel}","templated":true}]}}